{"id":350,"date":"2019-11-08T12:29:57","date_gmt":"2019-11-08T18:29:57","guid":{"rendered":"https:\/\/intecap.edu.gt\/modaintecap\/?page_id=350"},"modified":"2022-12-05T08:39:59","modified_gmt":"2022-12-05T14:39:59","slug":"taller-de-capacitacion-de-alta-tecnologia-en-vestuario-y-textiles","status":"publish","type":"page","link":"https:\/\/intecap.edu.gt\/modaintecap\/taller-de-capacitacion-de-alta-tecnologia-en-vestuario-y-textiles\/","title":{"rendered":"Taller de Capacitaci\u00f3n de Alta Tecnolog\u00eda en Vestuario y Textiles"},"content":{"rendered":"<p>[et_pb_section fb_built=&#8221;1&#8243; custom_padding_last_edited=&#8221;on|desktop&#8221; admin_label=&#8221;Header&#8221; _builder_version=&#8221;4.0.4&#8243; background_color=&#8221;#242424&#8243; background_enable_image=&#8221;off&#8221; background_size=&#8221;initial&#8221; custom_padding=&#8221;0vw||0vw||false|&#8221; custom_padding_tablet=&#8221;0vw||20vw&#8221; custom_padding_phone=&#8221;&#8221; global_colors_info=&#8221;{}&#8221;][et_pb_row _builder_version=&#8221;4.0.6&#8243; background_color=&#8221;rgba(0,0,0,0)&#8221; background_enable_image=&#8221;off&#8221; background_size=&#8221;initial&#8221; width=&#8221;100%&#8221; max_width=&#8221;none&#8221; min_height=&#8221;244px&#8221; custom_margin=&#8221;0px||||false|false&#8221; custom_padding=&#8221;0px||0px||true|false&#8221; global_colors_info=&#8221;{}&#8221;][et_pb_column type=&#8221;4_4&#8243; _builder_version=&#8221;4.0.4&#8243; custom_padding=&#8221;0px|19px|19px|0px|false|false&#8221; global_colors_info=&#8221;{}&#8221;][et_pb_image src=&#8221;https:\/\/intecap.edu.gt\/modaintecap\/wp-content\/uploads\/2019\/11\/banner-tallervestuario.jpg&#8221; _builder_version=&#8221;4.0.6&#8243; width=&#8221;100%&#8221; max_width=&#8221;100%&#8221; min_height=&#8221;100px&#8221; custom_margin=&#8221;|546px|2px|||&#8221; custom_padding=&#8221;|0px||||&#8221; animation_style=&#8221;zoom&#8221; animation_duration=&#8221;50ms&#8221; animation_intensity_zoom=&#8221;25%&#8221; global_colors_info=&#8221;{}&#8221;][\/et_pb_image][et_pb_image _builder_version=&#8221;4.0.4&#8243; width=&#8221;26%&#8221; max_width=&#8221;100%&#8221; module_alignment=&#8221;left&#8221; custom_margin=&#8221;-29px|||||&#8221; animation_style=&#8221;zoom&#8221; animation_duration=&#8221;50ms&#8221; animation_intensity_zoom=&#8221;25%&#8221; global_colors_info=&#8221;{}&#8221;][\/et_pb_image][\/et_pb_column][\/et_pb_row][et_pb_row make_equal=&#8221;on&#8221; _builder_version=&#8221;4.0.4&#8243; background_color=&#8221;#ffffff&#8221; max_width=&#8221;1900px&#8221; module_alignment=&#8221;center&#8221; custom_padding=&#8221;46px|||||&#8221; global_colors_info=&#8221;{}&#8221;][et_pb_column type=&#8221;4_4&#8243; _builder_version=&#8221;4.0.4&#8243; global_colors_info=&#8221;{}&#8221;][et_pb_text _builder_version=&#8221;4.0.6&#8243; width=&#8221;71%&#8221; module_alignment=&#8221;center&#8221; global_colors_info=&#8221;{}&#8221;]<\/p>\n<h4 style=\"text-align: justify;\">El Taller de Capacitaci\u00f3n de Alta Tecnolog\u00eda en Vestuario y Textiles fue construido gracias al apoyo de la Agencia de Cooperaci\u00f3n Internacional de Corea del Sur, KOICA.\u00a0 Fue inaugurado en agosto 2006 y abri\u00f3 sus puertas en el a\u00f1o 2007.\u00a0\u00a0 Inici\u00f3 abarcando las \u00e1reas de: vestuario, proyecci\u00f3n de tela, ingenier\u00eda el\u00e9ctrica y producci\u00f3n administrativa.\u00a0<em><span><br \/> <\/span><\/em><\/h4>\n<h4 style=\"text-align: justify;\">Se encuentra ubicado dentro del Centro de Capacitaci\u00f3n Guatemala 1 (Perif\u00e9rico zona 7),\u00a0 14 calle 31-30 Col. Ciudad de Plata 2, zona 7, Guatemala, C.A.<\/h4>\n<p>&nbsp;<\/p>\n<p style=\"text-align: justify;\">[\/et_pb_text][\/et_pb_column][\/et_pb_row][\/et_pb_section][et_pb_section fb_built=&#8221;1&#8243; fullwidth=&#8221;on&#8221; _builder_version=&#8221;4.0.6&#8243; background_color=&#8221;#c5310d&#8221; background_enable_image=&#8221;off&#8221; border_width_all=&#8221;2px&#8221; border_color_all=&#8221;#ffffff&#8221; global_colors_info=&#8221;{}&#8221;][et_pb_fullwidth_header title=&#8221;PROMOVIENDO LA COMPETITIVIDAD&#8221; text_orientation=&#8221;center&#8221; _builder_version=&#8221;4.0.6&#8243; title_font=&#8221;||||||||&#8221; title_text_color=&#8221;#ffffff&#8221; title_font_size=&#8221;44px&#8221; title_line_height=&#8221;1.2em&#8221; content_text_align=&#8221;left&#8221; content_line_height=&#8221;1.3em&#8221; subhead_font_size=&#8221;41px&#8221; background_color=&#8221;rgba(0,0,0,0)&#8221; min_height=&#8221;314px&#8221; custom_margin=&#8221;-1px||||false|false&#8221; custom_padding=&#8221;13px||9px||false|false&#8221; title_text_shadow_style=&#8221;preset4&#8243; global_colors_info=&#8221;{}&#8221;]<\/p>\n<blockquote>\n<h4 style=\"text-align: justify;\"><span>En el a\u00f1o 2005, el Gobierno de la Rep\u00fablica de Corea, a trav\u00e9s de su Agencia de Cooperaci\u00f3n Internacional KOICA, brind\u00f3 al Gobierno de Guatemala, un valioso apoyo econ\u00f3mico de US$800 mil para la ejecuci\u00f3n del proyecto\u00a0<\/span><em>\u201cEstablecimiento del Taller de Capacitaci\u00f3n de Alta Tecnolog\u00eda en Vestuario y Textiles en el Centro Guatemala 1 del INTECAP\u201d<\/em><span>, con la finalidad de promover la competitividad con otros pa\u00edses, con una mano de obra altamente calificada.\u00a0<\/span><\/h4>\n<\/blockquote>\n<p>[\/et_pb_fullwidth_header][\/et_pb_section][et_pb_section fb_built=&#8221;1&#8243; _builder_version=&#8221;4.0.4&#8243; custom_padding=&#8221;30px|||||&#8221; global_colors_info=&#8221;{}&#8221;][et_pb_row make_equal=&#8221;on&#8221; _builder_version=&#8221;4.0.4&#8243; background_color=&#8221;#ffffff&#8221; max_width=&#8221;1900px&#8221; module_alignment=&#8221;center&#8221; custom_padding=&#8221;19px|||||&#8221; global_colors_info=&#8221;{}&#8221;][et_pb_column type=&#8221;4_4&#8243; _builder_version=&#8221;4.0.4&#8243; global_colors_info=&#8221;{}&#8221;][et_pb_image src=&#8221;https:\/\/intecap.edu.gt\/modaintecap\/wp-content\/uploads\/2019\/11\/tallertextil-back.jpg&#8221; align=&#8221;center&#8221; _builder_version=&#8221;4.0.6&#8243; global_colors_info=&#8221;{}&#8221;][\/et_pb_image][et_pb_text _builder_version=&#8221;4.0.6&#8243; width=&#8221;80%&#8221; max_width=&#8221;100%&#8221; module_alignment=&#8221;center&#8221; custom_margin=&#8221;||20px|||&#8221; global_colors_info=&#8221;{}&#8221;]<\/p>\n<h4 style=\"text-align: justify;\"><span>El Taller inici\u00f3 abarcando las \u00e1reas de: vestuario, proyecci\u00f3n de tela, ingenier\u00eda el\u00e9ctrica y producci\u00f3n administrativa.\u00a0 Cuenta con 4 talleres distintos: Taller de Dise\u00f1o de Vestuario, Taller Textil, Taller de Electricidad y Electr\u00f3nica para Maquinaria de Confecci\u00f3n Industrial y Taller de Administraci\u00f3n de la Producci\u00f3n.<\/span><\/h4>\n<p style=\"text-align: justify;\">\n<p>[\/et_pb_text][et_pb_text _builder_version=&#8221;4.0.6&#8243; width=&#8221;80%&#8221; max_width=&#8221;100%&#8221; module_alignment=&#8221;center&#8221; global_colors_info=&#8221;{}&#8221;]<\/p>\n<blockquote>\n<h4 style=\"text-align: justify;\"><span>En el 2006, con apoyo de KOICA, se capacit\u00f3 al personal t\u00e9cnico a cargo de los talleres mediante pasant\u00edas en Corea y entrenamiento en la implementaci\u00f3n y operaci\u00f3n de los equipos. Tambi\u00e9n se reestructur\u00f3 y actualiz\u00f3 la oferta formativa del INTECAP para el sector de Confecci\u00f3n Industrial, en \u00e1reas relevantes, como Mec\u00e1nica de M\u00e1quinas de Coser Industriales, Operaci\u00f3n de M\u00e1quinas de Coser Industriales y Supervisi\u00f3n de Plantas de Confecci\u00f3n Industrial y se implement\u00f3 la Carrera de Dise\u00f1o Industrial de Vestuario.<\/span><\/h4>\n<\/blockquote>\n<p style=\"text-align: justify;\">[\/et_pb_text][\/et_pb_column][\/et_pb_row][et_pb_row make_equal=&#8221;on&#8221; _builder_version=&#8221;4.0.4&#8243; background_color=&#8221;#ffffff&#8221; max_width=&#8221;1900px&#8221; module_alignment=&#8221;center&#8221; custom_padding=&#8221;19px|||||&#8221; global_colors_info=&#8221;{}&#8221;][et_pb_column type=&#8221;4_4&#8243; _builder_version=&#8221;4.0.4&#8243; global_colors_info=&#8221;{}&#8221;][et_pb_image src=&#8221;https:\/\/intecap.edu.gt\/modaintecap\/wp-content\/uploads\/2019\/11\/header-carreras.jpg&#8221; align=&#8221;center&#8221; _builder_version=&#8221;4.0.6&#8243; global_colors_info=&#8221;{}&#8221;][\/et_pb_image][\/et_pb_column][\/et_pb_row][et_pb_row column_structure=&#8221;2_5,3_5&#8243; _builder_version=&#8221;4.0.6&#8243; max_width=&#8221;1250px&#8221; module_alignment=&#8221;center&#8221; global_colors_info=&#8221;{}&#8221;][et_pb_column type=&#8221;2_5&#8243; _builder_version=&#8221;4.0.6&#8243; global_colors_info=&#8221;{}&#8221;][et_pb_text _builder_version=&#8221;4.13.1&#8243; width=&#8221;80%&#8221; max_width=&#8221;100%&#8221; module_alignment=&#8221;center&#8221; custom_margin=&#8221;||20px|||&#8221; hover_enabled=&#8221;0&#8243; global_colors_info=&#8221;{}&#8221; sticky_enabled=&#8221;0&#8243;]<\/p>\n<h2 style=\"text-align: justify;\"><strong>CARRERAS T\u00c9CNICAS <br \/><\/strong><\/h2>\n<ul>\n<li>T\u00e9cnico en dise\u00f1o Industrial del vestuario<\/li>\n<li>T\u00e9cnico en Procesos de Confecci\u00f3n Industrial<\/li>\n<li>Confeccionista de Prendas de Vestir para Dama<\/li>\n<li>Patronista Industrial<\/li>\n<li>Sastre<\/li>\n<\/ul>\n<p style=\"text-align: justify;\">[\/et_pb_text][et_pb_image src=&#8221;https:\/\/intecap.edu.gt\/modaintecap\/wp-content\/uploads\/2019\/11\/foto-textil.jpg&#8221; _builder_version=&#8221;4.0.6&#8243; border_width_all=&#8221;3px&#8221; border_color_all=&#8221;#12876f&#8221; border_style_all=&#8221;dashed&#8221; global_colors_info=&#8221;{}&#8221;][\/et_pb_image][\/et_pb_column][et_pb_column type=&#8221;3_5&#8243; _builder_version=&#8221;4.0.6&#8243; global_colors_info=&#8221;{}&#8221;][et_pb_text _builder_version=&#8221;4.0.6&#8243; width=&#8221;80%&#8221; max_width=&#8221;100%&#8221; module_alignment=&#8221;center&#8221; custom_margin=&#8221;||20px|||&#8221; global_colors_info=&#8221;{}&#8221;]<\/p>\n<h2 style=\"text-align: justify;\"><strong>CURSOS LIBRES<\/strong><\/h2>\n<ul>\n<li>Patronaje por computadora con el sistema GERBER Versi\u00f3n 11<\/li>\n<li>Control de la Producci\u00f3n textil<\/li>\n<li>Patronaje industrial<\/li>\n<li>C\u00e1lculo de costos<\/li>\n<li>Vectorizaci\u00f3n de im\u00e1genes para la industria textil<\/li>\n<li>Patronaje y confecci\u00f3n de faldas<\/li>\n<li>Patronaje y confecci\u00f3n de blusas<\/li>\n<li>Patronaje y confecci\u00f3n de vestidos<\/li>\n<li>Confecci\u00f3n de chaquetas<\/li>\n<li>Confecci\u00f3n de Vestido de Fiesta<\/li>\n<li>Confecci\u00f3n de Vestido de Novia<\/li>\n<li>Confecci\u00f3n de Pantal\u00f3n para dama<\/li>\n<li>Procesos de producci\u00f3n<\/li>\n<\/ul>\n<p>[\/et_pb_text][\/et_pb_column][\/et_pb_row][et_pb_row make_equal=&#8221;on&#8221; _builder_version=&#8221;4.0.4&#8243; background_color=&#8221;#ffffff&#8221; max_width=&#8221;1900px&#8221; module_alignment=&#8221;center&#8221; custom_padding=&#8221;19px|||||&#8221; global_colors_info=&#8221;{}&#8221;][et_pb_column type=&#8221;4_4&#8243; _builder_version=&#8221;4.0.4&#8243; global_colors_info=&#8221;{}&#8221;][et_pb_image src=&#8221;https:\/\/intecap.edu.gt\/modaintecap\/wp-content\/uploads\/2019\/11\/header-equipo.jpg&#8221; align=&#8221;center&#8221; _builder_version=&#8221;4.0.6&#8243; global_colors_info=&#8221;{}&#8221;][\/et_pb_image][\/et_pb_column][\/et_pb_row][et_pb_row column_structure=&#8221;1_2,1_2&#8243; _builder_version=&#8221;4.0.6&#8243; max_width=&#8221;1250px&#8221; module_alignment=&#8221;center&#8221; global_colors_info=&#8221;{}&#8221;][et_pb_column type=&#8221;1_2&#8243; _builder_version=&#8221;4.0.6&#8243; global_colors_info=&#8221;{}&#8221;][et_pb_text _builder_version=&#8221;4.0.6&#8243; width=&#8221;80%&#8221; max_width=&#8221;100%&#8221; module_alignment=&#8221;center&#8221; custom_margin=&#8221;||20px|||&#8221; global_colors_info=&#8221;{}&#8221;]<\/p>\n<h2 style=\"text-align: justify;\"><strong>Contamos con:<\/strong><\/h2>\n<ul>\n<li>Laboratorio de Patronaje por computadora con el sistema GERBER<\/li>\n<li>Laboratorio de Pruebas textiles<\/li>\n<li>Taller de Confecci\u00f3n Industrial<\/li>\n<li>M\u00e1quinas industriales:\n<ul>\n<li>Planas<\/li>\n<li>Overloock<\/li>\n<li>Collareteras<\/li>\n<li>Botoneras<\/li>\n<li>Ojaladoras<\/li>\n<li>Doble aguja<\/li>\n<li>Cerradoras<\/li>\n<\/ul>\n<\/li>\n<\/ul>\n<p>[\/et_pb_text][\/et_pb_column][et_pb_column type=&#8221;1_2&#8243; _builder_version=&#8221;4.0.6&#8243; global_colors_info=&#8221;{}&#8221;][et_pb_image src=&#8221;https:\/\/intecap.edu.gt\/modaintecap\/wp-content\/uploads\/2019\/11\/foto-equipo.jpg&#8221; align=&#8221;center&#8221; _builder_version=&#8221;4.0.6&#8243; global_colors_info=&#8221;{}&#8221;][\/et_pb_image][\/et_pb_column][\/et_pb_row][et_pb_row _builder_version=&#8221;4.0.6&#8243; global_colors_info=&#8221;{}&#8221;][et_pb_column type=&#8221;4_4&#8243; _builder_version=&#8221;4.0.6&#8243; global_colors_info=&#8221;{}&#8221;][et_pb_text _builder_version=&#8221;4.0.6&#8243; text_orientation=&#8221;center&#8221; global_colors_info=&#8221;{}&#8221;]<\/p>\n<h2>CONT\u00c1CTANOS<\/h2>\n<p>[\/et_pb_text][et_pb_contact_form email=&#8221;nora.oliveros@intecap.edu.gt&#8221; success_message=&#8221;\u00a1Gracias por contactar al Taller Textil de INTECAP.  Nos comunicaremos en breve!&#8221; submit_button_text=&#8221;Enviar&#8221; _builder_version=&#8221;4.13.1&#8243; _unique_id=&#8221;606391b1-eb1e-4f89-95cb-6c2a7a166cbc&#8221; captcha_text_color=&#8221;#0c71c3&#8243; background_color=&#8221;rgba(0,0,0,0)&#8221; custom_button=&#8221;on&#8221; button_text_color=&#8221;#ffffff&#8221; button_bg_color=&#8221;#12876f&#8221; global_colors_info=&#8221;{}&#8221;][et_pb_contact_field field_id=&#8221;Nombre&#8221; field_title=&#8221;Nombre&#8221; _builder_version=&#8221;4.0.6&#8243; global_colors_info=&#8221;{}&#8221; button_text_size__hover_enabled=&#8221;off&#8221; button_one_text_size__hover_enabled=&#8221;off&#8221; button_two_text_size__hover_enabled=&#8221;off&#8221; button_text_color__hover_enabled=&#8221;off&#8221; button_one_text_color__hover_enabled=&#8221;off&#8221; button_two_text_color__hover_enabled=&#8221;off&#8221; button_border_width__hover_enabled=&#8221;off&#8221; button_one_border_width__hover_enabled=&#8221;off&#8221; button_two_border_width__hover_enabled=&#8221;off&#8221; button_border_color__hover_enabled=&#8221;off&#8221; button_one_border_color__hover_enabled=&#8221;off&#8221; button_two_border_color__hover_enabled=&#8221;off&#8221; button_border_radius__hover_enabled=&#8221;off&#8221; button_one_border_radius__hover_enabled=&#8221;off&#8221; button_two_border_radius__hover_enabled=&#8221;off&#8221; button_letter_spacing__hover_enabled=&#8221;off&#8221; button_one_letter_spacing__hover_enabled=&#8221;off&#8221; button_two_letter_spacing__hover_enabled=&#8221;off&#8221; button_bg_color__hover_enabled=&#8221;off&#8221; button_one_bg_color__hover_enabled=&#8221;off&#8221; button_two_bg_color__hover_enabled=&#8221;off&#8221;][\/et_pb_contact_field][et_pb_contact_field field_id=&#8221;Email&#8221; field_title=&#8221;Correo electr\u00f3nico&#8221; field_type=&#8221;email&#8221; _builder_version=&#8221;4.0.6&#8243; global_colors_info=&#8221;{}&#8221; button_text_size__hover_enabled=&#8221;off&#8221; button_one_text_size__hover_enabled=&#8221;off&#8221; button_two_text_size__hover_enabled=&#8221;off&#8221; button_text_color__hover_enabled=&#8221;off&#8221; button_one_text_color__hover_enabled=&#8221;off&#8221; button_two_text_color__hover_enabled=&#8221;off&#8221; button_border_width__hover_enabled=&#8221;off&#8221; button_one_border_width__hover_enabled=&#8221;off&#8221; button_two_border_width__hover_enabled=&#8221;off&#8221; button_border_color__hover_enabled=&#8221;off&#8221; button_one_border_color__hover_enabled=&#8221;off&#8221; button_two_border_color__hover_enabled=&#8221;off&#8221; button_border_radius__hover_enabled=&#8221;off&#8221; button_one_border_radius__hover_enabled=&#8221;off&#8221; button_two_border_radius__hover_enabled=&#8221;off&#8221; button_letter_spacing__hover_enabled=&#8221;off&#8221; button_one_letter_spacing__hover_enabled=&#8221;off&#8221; button_two_letter_spacing__hover_enabled=&#8221;off&#8221; button_bg_color__hover_enabled=&#8221;off&#8221; button_one_bg_color__hover_enabled=&#8221;off&#8221; button_two_bg_color__hover_enabled=&#8221;off&#8221;][\/et_pb_contact_field][et_pb_contact_field field_id=&#8221;Mensaje&#8221; field_title=&#8221;Mensaje&#8221; field_type=&#8221;text&#8221; fullwidth_field=&#8221;on&#8221; _builder_version=&#8221;4.0.6&#8243; global_colors_info=&#8221;{}&#8221; button_text_size__hover_enabled=&#8221;off&#8221; button_one_text_size__hover_enabled=&#8221;off&#8221; button_two_text_size__hover_enabled=&#8221;off&#8221; button_text_color__hover_enabled=&#8221;off&#8221; button_one_text_color__hover_enabled=&#8221;off&#8221; button_two_text_color__hover_enabled=&#8221;off&#8221; button_border_width__hover_enabled=&#8221;off&#8221; button_one_border_width__hover_enabled=&#8221;off&#8221; button_two_border_width__hover_enabled=&#8221;off&#8221; button_border_color__hover_enabled=&#8221;off&#8221; button_one_border_color__hover_enabled=&#8221;off&#8221; button_two_border_color__hover_enabled=&#8221;off&#8221; button_border_radius__hover_enabled=&#8221;off&#8221; button_one_border_radius__hover_enabled=&#8221;off&#8221; button_two_border_radius__hover_enabled=&#8221;off&#8221; button_letter_spacing__hover_enabled=&#8221;off&#8221; button_one_letter_spacing__hover_enabled=&#8221;off&#8221; button_two_letter_spacing__hover_enabled=&#8221;off&#8221; button_bg_color__hover_enabled=&#8221;off&#8221; button_one_bg_color__hover_enabled=&#8221;off&#8221; button_two_bg_color__hover_enabled=&#8221;off&#8221;][\/et_pb_contact_field][\/et_pb_contact_form][et_pb_text _builder_version=&#8221;4.0.6&#8243; text_orientation=&#8221;center&#8221; global_colors_info=&#8221;{}&#8221;]<\/p>\n<h4>14 calle 31-30 Col. Ciudad de Plata 2, zona 7, Guatemala, C.A.<\/h4>\n<h3>PBX. 2320-0000<\/h3>\n<p>[\/et_pb_text][\/et_pb_column][\/et_pb_row][\/et_pb_section]<\/p>\n","protected":false},"excerpt":{"rendered":"<p>El Taller de Capacitaci\u00f3n de Alta Tecnolog\u00eda en Vestuario y Textiles fue construido gracias al apoyo de la Agencia de Cooperaci\u00f3n Internacional de Corea del Sur, KOICA.\u00a0 Fue inaugurado en agosto 2006 y abri\u00f3 sus puertas en el a\u00f1o 2007.\u00a0\u00a0 Inici\u00f3 abarcando las \u00e1reas de: vestuario, proyecci\u00f3n de tela, ingenier\u00eda el\u00e9ctrica y producci\u00f3n administrativa.\u00a0 Se [&hellip;]<\/p>\n","protected":false},"author":1,"featured_media":0,"parent":0,"menu_order":0,"comment_status":"closed","ping_status":"closed","template":"","meta":{"_et_pb_use_builder":"on","_et_pb_old_content":"","_et_gb_content_width":"","footnotes":""},"class_list":["post-350","page","type-page","status-publish","hentry"],"_links":{"self":[{"href":"https:\/\/intecap.edu.gt\/modaintecap\/wp-json\/wp\/v2\/pages\/350","targetHints":{"allow":["GET"]}}],"collection":[{"href":"https:\/\/intecap.edu.gt\/modaintecap\/wp-json\/wp\/v2\/pages"}],"about":[{"href":"https:\/\/intecap.edu.gt\/modaintecap\/wp-json\/wp\/v2\/types\/page"}],"author":[{"embeddable":true,"href":"https:\/\/intecap.edu.gt\/modaintecap\/wp-json\/wp\/v2\/users\/1"}],"replies":[{"embeddable":true,"href":"https:\/\/intecap.edu.gt\/modaintecap\/wp-json\/wp\/v2\/comments?post=350"}],"version-history":[{"count":14,"href":"https:\/\/intecap.edu.gt\/modaintecap\/wp-json\/wp\/v2\/pages\/350\/revisions"}],"predecessor-version":[{"id":1072,"href":"https:\/\/intecap.edu.gt\/modaintecap\/wp-json\/wp\/v2\/pages\/350\/revisions\/1072"}],"wp:attachment":[{"href":"https:\/\/intecap.edu.gt\/modaintecap\/wp-json\/wp\/v2\/media?parent=350"}],"curies":[{"name":"wp","href":"https:\/\/api.w.org\/{rel}","templated":true}]}}