{"id":4532,"date":"2023-05-26T17:26:15","date_gmt":"2023-05-26T17:26:15","guid":{"rendered":"https:\/\/intecap.edu.gt\/worldskillsguatemala\/?page_id=4532"},"modified":"2025-08-12T21:10:04","modified_gmt":"2025-08-12T21:10:04","slug":"edicion2018","status":"publish","type":"page","link":"https:\/\/intecap.edu.gt\/worldskillsguatemala\/edicion2018\/","title":{"rendered":"Participaci\u00f3n INTECAP Edici\u00f3n 2018 WorldSkills Americas"},"content":{"rendered":"<p>[et_pb_section fb_built=\u00bb1&#8243; custom_padding_last_edited=\u00bbon|phone\u00bb next_background_color=\u00bb#ffffff\u00bb admin_label=\u00bbHeader\u00bb _builder_version=\u00bb4.21.0&#8243; background_color=\u00bb#e2e2e2&#8243; use_background_color_gradient=\u00bbon\u00bb background_color_gradient_direction=\u00bb178deg\u00bb background_color_gradient_stops=\u00bb#09113f 9%|#e0c82f 81%\u00bb background_color_gradient_overlays_image=\u00bbon\u00bb background_image=\u00bbhttps:\/\/intecap.edu.gt\/worldskillsguatemala\/wp-content\/uploads\/2023\/05\/expertos2018.jpg\u00bb background_position=\u00bbcenter_left\u00bb background_blend=\u00bbdarken\u00bb background_enable_video_mp4=\u00bboff\u00bb background_enable_pattern_style=\u00bbon\u00bb background_pattern_style=\u00bbdiagonal-stripes-2&#8243; overflow-x=\u00bbhidden\u00bb overflow-y=\u00bbhidden\u00bb custom_padding=\u00bb40px||114px||false|false\u00bb custom_padding_tablet=\u00bb40px||||false|false\u00bb custom_padding_phone=\u00bb40px||||false|false\u00bb bottom_divider_style=\u00bbwaves2&#8243; locked=\u00bboff\u00bb collapsed=\u00bbon\u00bb global_colors_info=\u00bb{%22gcid-1bcf785a-50e1-437b-b09f-65567babc1de%22:%91%22background_color%22,%22background_color_gradient_stops%22%93}\u00bb][et_pb_row column_structure=\u00bb1_4,3_4&#8243; _builder_version=\u00bb4.21.0&#8243; _module_preset=\u00bbdefault\u00bb custom_padding=\u00bb17px|||||\u00bb global_colors_info=\u00bb{}\u00bb][et_pb_column type=\u00bb1_4&#8243; _builder_version=\u00bb4.21.0&#8243; _module_preset=\u00bbdefault\u00bb global_colors_info=\u00bb{}\u00bb][et_pb_image src=\u00bbhttps:\/\/intecap.edu.gt\/worldskillsguatemala\/wp-content\/uploads\/2025\/07\/Wskills-Guatemala.png\u00bb title_text=\u00bbWskills Guatemala\u00bb _builder_version=\u00bb4.27.0&#8243; _module_preset=\u00bbdefault\u00bb max_width=\u00bb66%\u00bb global_colors_info=\u00bb{}\u00bb][\/et_pb_image][\/et_pb_column][et_pb_column type=\u00bb3_4&#8243; _builder_version=\u00bb4.21.0&#8243; _module_preset=\u00bbdefault\u00bb global_colors_info=\u00bb{}\u00bb][et_pb_divider _builder_version=\u00bb4.21.0&#8243; _module_preset=\u00bbdefault\u00bb custom_margin=\u00bb||3px|||\u00bb global_colors_info=\u00bb{}\u00bb][\/et_pb_divider][et_pb_text _builder_version=\u00bb4.21.0&#8243; _module_preset=\u00bbdefault\u00bb header_font=\u00bbInria Sans||||||||\u00bb header_text_color=\u00bb#FFFFFF\u00bb header_font_size=\u00bb50px\u00bb custom_margin=\u00bb||15px|||\u00bb global_colors_info=\u00bb{}\u00bb]<\/p>\n<h1>Participaci\u00f3n INTECAP Guatemala en Santiago de Chile 2018<\/h1>\n<p>[\/et_pb_text][et_pb_divider _builder_version=\u00bb4.21.0&#8243; _module_preset=\u00bbdefault\u00bb global_colors_info=\u00bb{}\u00bb][\/et_pb_divider][\/et_pb_column][\/et_pb_row][\/et_pb_section][et_pb_section fb_built=\u00bb1&#8243; _builder_version=\u00bb4.21.0&#8243; _module_preset=\u00bbdefault\u00bb custom_padding=\u00bb||13px|||\u00bb global_colors_info=\u00bb{}\u00bb][et_pb_row _builder_version=\u00bb4.21.0&#8243; _module_preset=\u00bbdefault\u00bb custom_padding=\u00bb||8px|||\u00bb global_colors_info=\u00bb{}\u00bb][et_pb_column type=\u00bb4_4&#8243; _builder_version=\u00bb4.21.0&#8243; _module_preset=\u00bbdefault\u00bb global_colors_info=\u00bb{}\u00bb][et_pb_text _builder_version=\u00bb4.21.0&#8243; _module_preset=\u00bbdefault\u00bb header_font=\u00bbMontserrat|600|||||||\u00bb header_text_align=\u00bbcenter\u00bb global_colors_info=\u00bb{}\u00bb]<\/p>\n<h1>Santiago de Chile, 2018<\/h1>\n<p>[\/et_pb_text][et_pb_text _builder_version=\u00bb4.21.0&#8243; _module_preset=\u00bbdefault\u00bb global_colors_info=\u00bb{}\u00bb]<\/p>\n<h5 style=\"text-align: justify;\">La edici\u00f3n de las Worldskills Am\u00e9ricas 2018 se llev\u00f3 a cabo en la Rep\u00fablica de Chile del 01 al 06 de octubre, en donde participaron los siguientes pa\u00edses de am\u00e9rica:\u00a0<\/h5>\n<p>[\/et_pb_text][et_pb_gallery gallery_ids=\u00bb4800,4801,4803,4802,4808,4812,4813&#8243; posts_number=\u00bb7&#8243; show_pagination=\u00bboff\u00bb hover_icon=\u00bb&#x54;||divi||400&#8243; _builder_version=\u00bb4.21.0&#8243; _module_preset=\u00bbdefault\u00bb width=\u00bb65%\u00bb max_width=\u00bb100%\u00bb module_alignment=\u00bbcenter\u00bb global_colors_info=\u00bb{}\u00bb][\/et_pb_gallery][et_pb_text _builder_version=\u00bb4.21.0&#8243; _module_preset=\u00bbdefault\u00bb global_colors_info=\u00bb{}\u00bb]<\/p>\n<h4><strong>Delegaci\u00f3n que represent\u00f3 a Guatemala<\/strong><\/h4>\n<h5><\/h5>\n<h5><strong>COMPETIDORES<\/strong><br \/>Jos\u00e9 Manuel Valdes Valdes, Refrigeraci\u00f3n<br \/>Carlos Alverto Ochoa Pirir, Dise\u00f1o de Ingenier\u00eda Mec\u00e1nica CAD<br \/>Luis Fernando Pirir Rivera, Informaci\u00f3n Cableado de Redes<\/h5>\n<h5><\/h5>\n<h5><strong>EXPERTOS EVALUADORES<\/strong><br \/>Rony Wilson Chic Quiej\u00fa, Experto de la especialidad de Refrigeraci\u00f3n<br \/>Robin Omar Hern\u00e1ndez Ordo\u00f1ez, experto de la especialidad de Dise\u00f1o CAD<br \/>Sergio Fernando Barreda Herrera, experto de la especialidad de Cableado Estructurado de Redes<\/h5>\n<h5>Edwin Mauricio Polanco Duque, L\u00edder de equipo<br \/>Carlos Miguel Ruedas Escobar, Delegado T\u00e9cnico<\/h5>\n<h5><\/h5>\n<p>&nbsp;<\/p>\n<p>[\/et_pb_text][\/et_pb_column][\/et_pb_row][et_pb_row _builder_version=\u00bb4.21.0&#8243; _module_preset=\u00bbdefault\u00bb global_colors_info=\u00bb{}\u00bb][et_pb_column type=\u00bb4_4&#8243; _builder_version=\u00bb4.21.0&#8243; _module_preset=\u00bbdefault\u00bb global_colors_info=\u00bb{}\u00bb][et_pb_text _builder_version=\u00bb4.21.0&#8243; _module_preset=\u00bbdefault\u00bb global_colors_info=\u00bb{}\u00bb]<\/p>\n<h4><strong>ESPECIALIDADES QUE COMPITIERON<\/strong><\/h4>\n<p>[\/et_pb_text][\/et_pb_column][\/et_pb_row][et_pb_row _builder_version=\u00bb4.21.0&#8243; _module_preset=\u00bbdefault\u00bb custom_padding=\u00bb8px|||||\u00bb global_colors_info=\u00bb{}\u00bb][et_pb_column type=\u00bb4_4&#8243; _builder_version=\u00bb4.21.0&#8243; _module_preset=\u00bbdefault\u00bb global_colors_info=\u00bb{}\u00bb][et_pb_text _builder_version=\u00bb4.21.0&#8243; _module_preset=\u00bbdefault\u00bb custom_margin=\u00bb||-7px|||\u00bb global_colors_info=\u00bb{}\u00bb]<\/p>\n<h5 style=\"text-align: justify;\">En \u00e9sta oportunidad se realiz\u00f3 una segmentaci\u00f3n de especialidades a competir: fueron 8 especialidades y 7 pa\u00edses participantes, Guatemala estuvo representada por tres competidores en las ocupaciones de Refrigeraci\u00f3n, Informaci\u00f3n, Cableado de Redes y Dise\u00f1o e Ingenier\u00eda Mec\u00e1nica CAD. Los resultados fueron satisfactorios obteniendo el INTECAP 2 medallas de bronce en ocupaciones en las que en ediciones anteriores no se hab\u00eda participado.<\/h5>\n<h4><\/h4>\n<p>[\/et_pb_text][\/et_pb_column][\/et_pb_row][\/et_pb_section][et_pb_section fb_built=\u00bb1&#8243; _builder_version=\u00bb4.21.0&#8243; _module_preset=\u00bbdefault\u00bb custom_padding=\u00bb1px|||||\u00bb global_colors_info=\u00bb{}\u00bb][et_pb_row _builder_version=\u00bb4.21.0&#8243; _module_preset=\u00bbdefault\u00bb global_colors_info=\u00bb{}\u00bb][et_pb_column type=\u00bb4_4&#8243; _builder_version=\u00bb4.21.0&#8243; _module_preset=\u00bbdefault\u00bb global_colors_info=\u00bb{}\u00bb][et_pb_video src=\u00bbhttps:\/\/youtu.be\/yEq-2g9227w\u00bb _builder_version=\u00bb4.21.0&#8243; _module_preset=\u00bbdefault\u00bb global_colors_info=\u00bb{}\u00bb][\/et_pb_video][et_pb_video src=\u00bbhttps:\/\/youtu.be\/DaJETFQC3kY\u00bb _builder_version=\u00bb4.21.0&#8243; _module_preset=\u00bbdefault\u00bb global_colors_info=\u00bb{}\u00bb][\/et_pb_video][\/et_pb_column][\/et_pb_row][\/et_pb_section][et_pb_section fb_built=\u00bb1&#8243; _builder_version=\u00bb4.21.0&#8243; _module_preset=\u00bbdefault\u00bb background_color=\u00bbrgba(214,214,214,0.24)\u00bb custom_padding=\u00bb15px|||||\u00bb global_colors_info=\u00bb{}\u00bb][et_pb_row _builder_version=\u00bb4.21.0&#8243; _module_preset=\u00bbdefault\u00bb width=\u00bb98%\u00bb max_width=\u00bb1300px\u00bb module_alignment=\u00bbcenter\u00bb global_colors_info=\u00bb{}\u00bb][et_pb_column type=\u00bb4_4&#8243; _builder_version=\u00bb4.21.0&#8243; _module_preset=\u00bbdefault\u00bb global_colors_info=\u00bb{}\u00bb][et_pb_text _builder_version=\u00bb4.21.0&#8243; _module_preset=\u00bbdefault\u00bb header_font=\u00bbMontserrat|600|||||||\u00bb header_text_align=\u00bbcenter\u00bb custom_padding=\u00bb15px|||||\u00bb global_colors_info=\u00bb{}\u00bb]<\/p>\n<h1>MEDALLISTAS INTECAP GUATEMALA | WORLDSKILLS AMERICAS CHILE 2018<\/h1>\n<p>[\/et_pb_text][\/et_pb_column][\/et_pb_row][et_pb_row column_structure=\u00bb1_4,1_4,1_4,1_4&#8243; _builder_version=\u00bb4.21.0&#8243; _module_preset=\u00bbdefault\u00bb width=\u00bb100%\u00bb max_width=\u00bb1357px\u00bb global_colors_info=\u00bb{}\u00bb][et_pb_column type=\u00bb1_4&#8243; _builder_version=\u00bb4.21.0&#8243; _module_preset=\u00bbdefault\u00bb global_colors_info=\u00bb{}\u00bb][\/et_pb_column][et_pb_column type=\u00bb1_4&#8243; _builder_version=\u00bb4.21.0&#8243; _module_preset=\u00bbdefault\u00bb global_colors_info=\u00bb{}\u00bb][et_pb_image src=\u00bbhttps:\/\/intecap.edu.gt\/worldskillsguatemala\/wp-content\/uploads\/2023\/05\/Luis-Pirir.jpg\u00bb title_text=\u00bbLuis-Pirir\u00bb _builder_version=\u00bb4.21.0&#8243; _module_preset=\u00bbdefault\u00bb custom_margin=\u00bb||21px|||\u00bb global_colors_info=\u00bb{}\u00bb][\/et_pb_image][et_pb_text _builder_version=\u00bb4.21.0&#8243; _module_preset=\u00bbdefault\u00bb header_5_font=\u00bb||||||||\u00bb text_orientation=\u00bbcenter\u00bb global_colors_info=\u00bb{}\u00bb]<\/p>\n<h5><strong>Luis Fernando Pirir<\/strong><br \/>Cableado Estructurado de<br \/>Redes<br \/>Medalla de Bronce<\/h5>\n<p>[\/et_pb_text][\/et_pb_column][et_pb_column type=\u00bb1_4&#8243; _builder_version=\u00bb4.21.0&#8243; _module_preset=\u00bbdefault\u00bb global_colors_info=\u00bb{}\u00bb][et_pb_image src=\u00bbhttps:\/\/intecap.edu.gt\/worldskillsguatemala\/wp-content\/uploads\/2023\/05\/Carlos-ochoa.jpg\u00bb title_text=\u00bbCarlos-ochoa\u00bb _builder_version=\u00bb4.21.0&#8243; _module_preset=\u00bbdefault\u00bb custom_margin=\u00bb||21px|||\u00bb global_colors_info=\u00bb{}\u00bb][\/et_pb_image][et_pb_text _builder_version=\u00bb4.21.0&#8243; _module_preset=\u00bbdefault\u00bb header_5_font=\u00bb||||||||\u00bb text_orientation=\u00bbcenter\u00bb global_colors_info=\u00bb{}\u00bb]<\/p>\n<h5><strong>Carlos Alberto Ochoa<\/strong><br \/>Dise\u00f1o CAD<br \/>Medalla de Bronce<\/h5>\n<p>[\/et_pb_text][\/et_pb_column][et_pb_column type=\u00bb1_4&#8243; _builder_version=\u00bb4.21.0&#8243; _module_preset=\u00bbdefault\u00bb global_colors_info=\u00bb{}\u00bb][\/et_pb_column][\/et_pb_row][\/et_pb_section][et_pb_section fb_built=\u00bb1&#8243; _builder_version=\u00bb4.21.0&#8243; _module_preset=\u00bbdefault\u00bb custom_padding=\u00bb9px|||||\u00bb global_colors_info=\u00bb{}\u00bb][et_pb_row _builder_version=\u00bb4.21.0&#8243; _module_preset=\u00bbdefault\u00bb global_colors_info=\u00bb{}\u00bb][et_pb_column type=\u00bb4_4&#8243; _builder_version=\u00bb4.21.0&#8243; _module_preset=\u00bbdefault\u00bb global_colors_info=\u00bb{}\u00bb][et_pb_image src=\u00bbhttps:\/\/intecap.edu.gt\/worldskillsguatemala\/wp-content\/uploads\/2023\/05\/expertos2018-1.jpg\u00bb title_text=\u00bbexpertos2018&#8243; align=\u00bbcenter\u00bb _builder_version=\u00bb4.21.0&#8243; _module_preset=\u00bbdefault\u00bb global_colors_info=\u00bb{}\u00bb][\/et_pb_image][et_pb_gallery gallery_ids=\u00bb4545,4546,4547,4548,4549,4550,4551,4552,4553,4554,4555&#8243; posts_number=\u00bb25&#8243; show_title_and_caption=\u00bboff\u00bb show_pagination=\u00bboff\u00bb zoom_icon_color=\u00bb#E09900&#8243; hover_overlay_color=\u00bbrgba(0,0,0,0.7)\u00bb hover_icon=\u00bb&#xe054;||divi||400&#8243; _builder_version=\u00bb4.21.0&#8243; _module_preset=\u00bbdefault\u00bb global_colors_info=\u00bb{}\u00bb][\/et_pb_gallery][\/et_pb_column][\/et_pb_row][\/et_pb_section][et_pb_section fb_built=\u00bb1&#8243; _builder_version=\u00bb4.21.0&#8243; _module_preset=\u00bbdefault\u00bb global_colors_info=\u00bb{}\u00bb][\/et_pb_section]<\/p>\n","protected":false},"excerpt":{"rendered":"<p>Participaci\u00f3n INTECAP Guatemala en Santiago de Chile 2018Santiago de Chile, 2018La edici\u00f3n de las Worldskills Am\u00e9ricas 2018 se llev\u00f3 a cabo en la Rep\u00fablica de Chile del 01 al 06 de octubre, en donde participaron los siguientes pa\u00edses de am\u00e9rica:\u00a0Delegaci\u00f3n que represent\u00f3 a Guatemala COMPETIDORESJos\u00e9 Manuel Valdes Valdes, Refrigeraci\u00f3nCarlos Alverto Ochoa Pirir, Dise\u00f1o de Ingenier\u00eda [&hellip;]<\/p>\n","protected":false},"author":1,"featured_media":0,"parent":0,"menu_order":0,"comment_status":"closed","ping_status":"closed","template":"","meta":{"_et_pb_use_builder":"on","_et_pb_old_content":"","_et_gb_content_width":"","footnotes":""},"class_list":["post-4532","page","type-page","status-publish","hentry"],"_links":{"self":[{"href":"https:\/\/intecap.edu.gt\/worldskillsguatemala\/wp-json\/wp\/v2\/pages\/4532","targetHints":{"allow":["GET"]}}],"collection":[{"href":"https:\/\/intecap.edu.gt\/worldskillsguatemala\/wp-json\/wp\/v2\/pages"}],"about":[{"href":"https:\/\/intecap.edu.gt\/worldskillsguatemala\/wp-json\/wp\/v2\/types\/page"}],"author":[{"embeddable":true,"href":"https:\/\/intecap.edu.gt\/worldskillsguatemala\/wp-json\/wp\/v2\/users\/1"}],"replies":[{"embeddable":true,"href":"https:\/\/intecap.edu.gt\/worldskillsguatemala\/wp-json\/wp\/v2\/comments?post=4532"}],"version-history":[{"count":12,"href":"https:\/\/intecap.edu.gt\/worldskillsguatemala\/wp-json\/wp\/v2\/pages\/4532\/revisions"}],"predecessor-version":[{"id":5179,"href":"https:\/\/intecap.edu.gt\/worldskillsguatemala\/wp-json\/wp\/v2\/pages\/4532\/revisions\/5179"}],"wp:attachment":[{"href":"https:\/\/intecap.edu.gt\/worldskillsguatemala\/wp-json\/wp\/v2\/media?parent=4532"}],"curies":[{"name":"wp","href":"https:\/\/api.w.org\/{rel}","templated":true}]}}