{"id":5338,"date":"2026-04-27T14:36:49","date_gmt":"2026-04-27T14:36:49","guid":{"rendered":"https:\/\/intecap.edu.gt\/worldskillsguatemala\/?page_id=5338"},"modified":"2026-04-27T20:11:59","modified_gmt":"2026-04-27T20:11:59","slug":"competencias-tecnologicas-nacionales-2025","status":"publish","type":"page","link":"https:\/\/intecap.edu.gt\/worldskillsguatemala\/competencias-tecnologicas-nacionales-2025\/","title":{"rendered":"Competencias Tecnol\u00f3gicas Nacionales 2025"},"content":{"rendered":"<p>[et_pb_section fb_built=\u00bb1&#8243; custom_padding_last_edited=\u00bbon|phone\u00bb admin_label=\u00bbHeader\u00bb _builder_version=\u00bb4.21.0&#8243; background_color=\u00bbgcid-1bcf785a-50e1-437b-b09f-65567babc1de\u00bb use_background_color_gradient=\u00bbon\u00bb background_color_gradient_stops=\u00bbrgba(43,135,218,0.74) 27%|#0b1c4f 92%\u00bb background_color_gradient_overlays_image=\u00bbon\u00bb background_image=\u00bbhttps:\/\/intecap.edu.gt\/worldskillsguatemala\/wp-content\/uploads\/2023\/05\/fondoheader3.jpg\u00bb background_enable_video_mp4=\u00bboff\u00bb overflow-x=\u00bbhidden\u00bb overflow-y=\u00bbhidden\u00bb custom_padding=\u00bb40px||114px||false|false\u00bb custom_padding_tablet=\u00bb40px||||false|false\u00bb custom_padding_phone=\u00bb40px||||false|false\u00bb bottom_divider_style=\u00bbmountains2&#8243; bottom_divider_color=\u00bb#FFFFFF\u00bb locked=\u00bboff\u00bb collapsed=\u00bbon\u00bb global_colors_info=\u00bb{%22gcid-1bcf785a-50e1-437b-b09f-65567babc1de%22:%91%22background_color%22,%22background_color_gradient_stops%22%93}\u00bb][et_pb_row column_structure=\u00bb1_4,3_4&#8243; _builder_version=\u00bb4.21.0&#8243; _module_preset=\u00bbdefault\u00bb custom_padding=\u00bb17px|||||\u00bb global_colors_info=\u00bb{}\u00bb][et_pb_column type=\u00bb1_4&#8243; _builder_version=\u00bb4.21.0&#8243; _module_preset=\u00bbdefault\u00bb global_colors_info=\u00bb{}\u00bb][et_pb_image src=\u00bbhttps:\/\/intecap.edu.gt\/worldskillsguatemala\/wp-content\/uploads\/2025\/06\/WK2025.png\u00bb title_text=\u00bbWK2025&#8243; align=\u00bbcenter\u00bb _builder_version=\u00bb4.27.4&#8243; _module_preset=\u00bbdefault\u00bb max_width=\u00bb100%\u00bb module_alignment=\u00bbcenter\u00bb global_colors_info=\u00bb{}\u00bb][\/et_pb_image][\/et_pb_column][et_pb_column type=\u00bb3_4&#8243; _builder_version=\u00bb4.21.0&#8243; _module_preset=\u00bbdefault\u00bb global_colors_info=\u00bb{}\u00bb][et_pb_divider show_divider=\u00bboff\u00bb _builder_version=\u00bb4.21.0&#8243; _module_preset=\u00bbdefault\u00bb global_colors_info=\u00bb{}\u00bb][\/et_pb_divider][et_pb_text _builder_version=\u00bb4.21.0&#8243; _module_preset=\u00bbdefault\u00bb header_font=\u00bbMontserrat|800|||||||\u00bb header_text_color=\u00bb#FFFFFF\u00bb header_font_size=\u00bb50px\u00bb custom_margin=\u00bb||15px|||\u00bb global_colors_info=\u00bb{}\u00bb]<\/p>\n<h1>Competencias Tecnol\u00f3gicas<br \/>Nacionales<\/h1>\n<p>[\/et_pb_text][\/et_pb_column][\/et_pb_row][\/et_pb_section][et_pb_section fb_built=\u00bb1&#8243; _builder_version=\u00bb4.21.0&#8243; _module_preset=\u00bbdefault\u00bb background_enable_color=\u00bboff\u00bb custom_padding=\u00bb15px||0px|||\u00bb global_colors_info=\u00bb{}\u00bb][et_pb_row column_structure=\u00bb1_3,1_3,1_3&#8243; _builder_version=\u00bb4.21.0&#8243; _module_preset=\u00bbdefault\u00bb global_colors_info=\u00bb{}\u00bb][et_pb_column type=\u00bb1_3&#8243; _builder_version=\u00bb4.21.0&#8243; _module_preset=\u00bbdefault\u00bb global_colors_info=\u00bb{}\u00bb][et_pb_text _builder_version=\u00bb4.27.0&#8243; _module_preset=\u00bbdefault\u00bb header_2_font=\u00bbMontserrat|700|||||||\u00bb header_2_text_align=\u00bbcenter\u00bb header_2_text_color=\u00bb#fcbd00&#8243; header_2_font_size=\u00bb30px\u00bb header_4_font=\u00bbRoboto|700|||||||\u00bb header_4_text_color=\u00bb#F0B800&#8243; custom_margin=\u00bb0px||0px||false|false\u00bb custom_padding=\u00bb0px||0px||false|false\u00bb animation_style=\u00bbslide\u00bb global_colors_info=\u00bb{}\u00bb]<\/p>\n<h2>27 competencias en ocupaciones t\u00e9cnicas<\/h2>\n<p>[\/et_pb_text][\/et_pb_column][et_pb_column type=\u00bb1_3&#8243; _builder_version=\u00bb4.21.0&#8243; _module_preset=\u00bbdefault\u00bb global_colors_info=\u00bb{}\u00bb][et_pb_text _builder_version=\u00bb4.21.0&#8243; _module_preset=\u00bbdefault\u00bb header_2_font=\u00bbMontserrat|700|||||||\u00bb header_2_text_align=\u00bbcenter\u00bb header_2_text_color=\u00bb#fcbd00&#8243; header_2_font_size=\u00bb30px\u00bb header_4_font=\u00bbRoboto|700|||||||\u00bb header_4_text_color=\u00bb#F0B800&#8243; custom_margin=\u00bb0px||0px||false|false\u00bb custom_padding=\u00bb0px||0px||false|false\u00bb animation_style=\u00bbslide\u00bb global_colors_info=\u00bb{}\u00bb]<\/p>\n<h2>2 competencias en ciencias<\/h2>\n<p>[\/et_pb_text][\/et_pb_column][et_pb_column type=\u00bb1_3&#8243; _builder_version=\u00bb4.21.0&#8243; _module_preset=\u00bbdefault\u00bb global_colors_info=\u00bb{}\u00bb][et_pb_text _builder_version=\u00bb4.21.0&#8243; _module_preset=\u00bbdefault\u00bb header_2_font=\u00bbMontserrat|700|||||||\u00bb header_2_text_align=\u00bbcenter\u00bb header_2_text_color=\u00bb#fcbd00&#8243; header_2_font_size=\u00bb30px\u00bb header_4_font=\u00bbRoboto|700|||||||\u00bb header_4_text_color=\u00bb#F0B800&#8243; custom_margin=\u00bb0px||0px||false|false\u00bb custom_padding=\u00bb0px||0px||false|false\u00bb animation_style=\u00bbslide\u00bb global_colors_info=\u00bb{}\u00bb]<\/p>\n<h2>2 competencias en habilidades de comunicaci\u00f3n<\/h2>\n<p>[\/et_pb_text][\/et_pb_column][\/et_pb_row][et_pb_row _builder_version=\u00bb4.21.0&#8243; _module_preset=\u00bbdefault\u00bb global_colors_info=\u00bb{}\u00bb][et_pb_column type=\u00bb4_4&#8243; _builder_version=\u00bb4.21.0&#8243; _module_preset=\u00bbdefault\u00bb global_colors_info=\u00bb{}\u00bb][et_pb_text _builder_version=\u00bb4.21.0&#8243; _module_preset=\u00bbdefault\u00bb header_3_text_align=\u00bbcenter\u00bb header_3_font_size=\u00bb17px\u00bb global_colors_info=\u00bb{}\u00bb]<\/p>\n<h2 style=\"text-align: justify;\"><strong>OBJETIVO DE LAS COMPETENCIAS TECNOL\u00d3GICAS<\/strong><\/h2>\n<h3 style=\"text-align: justify;\">El objetivo de las Competencias Tecnol\u00f3gicas WorldSkills Guatemala es fomentar la excelencia en los procesos de formaci\u00f3n profesional y evaluar las\u00a0 habilidades t\u00e9cnicas y blandas adquiridas por nuestros participantes durante el proceso de\u00a0 formaci\u00f3n.\u00a0<\/h3>\n<p>[\/et_pb_text][et_pb_text _builder_version=\u00bb4.21.0&#8243; _module_preset=\u00bbdefault\u00bb header_3_text_align=\u00bbcenter\u00bb header_3_font_size=\u00bb17px\u00bb global_colors_info=\u00bb{}\u00bb]<\/p>\n<h2 style=\"text-align: justify;\"><strong>FORMATO Y DURACI\u00d3N DE LAS COMPETENCIAS<\/strong><\/h2>\n<h3 style=\"text-align: justify;\">Las Competencias Tecnol\u00f3gicas Institucionales se realizan con el siguiente formato de competencia:<\/h3>\n<p>[\/et_pb_text][et_pb_image src=\u00bbhttps:\/\/intecap.edu.gt\/worldskillsguatemala\/wp-content\/uploads\/2023\/05\/formato22.png\u00bb title_text=\u00bbformato22&#8243; align=\u00bbcenter\u00bb _builder_version=\u00bb4.21.0&#8243; _module_preset=\u00bbdefault\u00bb global_colors_info=\u00bb{}\u00bb][\/et_pb_image][et_pb_text _builder_version=\u00bb4.21.0&#8243; _module_preset=\u00bbdefault\u00bb header_3_text_align=\u00bbcenter\u00bb header_3_font_size=\u00bb17px\u00bb global_colors_info=\u00bb{}\u00bb]<\/p>\n<h2 style=\"text-align: justify;\"><strong>FASE I<br \/><\/strong><\/h2>\n<h5 style=\"text-align: justify;\"><strong>Eliminatorias internas en los centros de capacitaci\u00f3n para identificar participantes con potencial para competir a nivel regional.<\/strong> Para cumplir con el objetivo, cada instructor dise\u00f1ar\u00e1 y aplicar\u00e1 pruebas con aspectos cr\u00edticos de cada ocupaci\u00f3n que puedan resolverse en un tiempo m\u00e1ximo de 8 horas para realizar la competencia en un solo d\u00eda de trabajo. Esta fase se propone realizar en el mes de mayo en conmemoraci\u00f3n de nuestro aniversario institucional.<\/h5>\n<p>&nbsp;<\/p>\n<p>[\/et_pb_text][et_pb_text _builder_version=\u00bb4.27.0&#8243; _module_preset=\u00bbdefault\u00bb header_3_text_align=\u00bbcenter\u00bb header_3_font_size=\u00bb17px\u00bb global_colors_info=\u00bb{}\u00bb]<\/p>\n<h2 style=\"text-align: justify;\"><strong>FASE II<br \/><\/strong><\/h2>\n<h5 style=\"text-align: justify;\"><strong>Las competencias regionales se realizar\u00e1n en dos d\u00edas efectivos de actividades, tomando como referencia los descriptivos t\u00e9cnicos y algunos aspectos cr\u00edticos de los proyectos prueba de WorldSkills Am\u00e9ricas<\/strong>.<\/h5>\n<h5 style=\"text-align: justify;\">Esta actividad se realizar\u00e1 en cada Divisi\u00f3n Regional en las fechas comprendidas entre el 25 al 29 de agosto 2025.\u00a0<\/h5>\n<p>&nbsp;<\/p>\n<p>[\/et_pb_text][et_pb_text _builder_version=\u00bb4.27.0&#8243; _module_preset=\u00bbdefault\u00bb header_3_text_align=\u00bbcenter\u00bb header_3_font_size=\u00bb17px\u00bb global_colors_info=\u00bb{}\u00bb]<\/p>\n<h2 style=\"text-align: justify;\"><strong>FASE III<br \/><\/strong><\/h2>\n<h5 style=\"text-align: justify;\"><strong>Las competencias nacionales se realizar\u00e1n en distintas unidades operativas de las cinco Divisiones Regionales<\/strong>, de tal manera que sea una fiesta tecnol\u00f3gica nacional. La duraci\u00f3n de esta etapa final es de dos d\u00edas efectivos de evaluaciones, m\u00e1s los d\u00edas que implica realizar las otras actividades de inauguraci\u00f3n, cierre y premiaci\u00f3n, familiarizaci\u00f3n, entre otras. Se realizar\u00e1 en las fechas del 13 al 17 de octubre.<\/h5>\n<h5><\/h5>\n<h5><strong>JULIO<\/strong>:\u00a0 \u00a0Eliminatorias en Centros de Capacitaci\u00f3n.<\/h5>\n<h5><strong>AGOSTO 28<\/strong>:\u00a0 Competencias Tecnol\u00f3gicas Regionales<\/h5>\n<h5><strong>DEL 13 AL 17 DE OCTUBRE:<\/strong>\u00a0\u00a0Competencias Nacionales<\/h5>\n<p>&nbsp;<\/p>\n<p>&nbsp;<\/p>\n<p>[\/et_pb_text][\/et_pb_column][\/et_pb_row][et_pb_row column_structure=\u00bb1_4,1_4,1_4,1_4&#8243; _builder_version=\u00bb4.27.0&#8243; _module_preset=\u00bbdefault\u00bb global_colors_info=\u00bb{}\u00bb][et_pb_column type=\u00bb1_4&#8243; _builder_version=\u00bb4.27.0&#8243; _module_preset=\u00bbdefault\u00bb global_colors_info=\u00bb{}\u00bb][et_pb_number_counter title=\u00bbCOMPETIDORES\u00bb number=\u00bb137&#8243; percent_sign=\u00bboff\u00bb _builder_version=\u00bb4.27.0&#8243; _module_preset=\u00bbdefault\u00bb global_colors_info=\u00bb{}\u00bb][\/et_pb_number_counter][\/et_pb_column][et_pb_column type=\u00bb1_4&#8243; _builder_version=\u00bb4.27.0&#8243; _module_preset=\u00bbdefault\u00bb global_colors_info=\u00bb{}\u00bb][et_pb_number_counter title=\u00bbEVALUADORES\u00bb number=\u00bb129&#8243; percent_sign=\u00bboff\u00bb _builder_version=\u00bb4.27.0&#8243; _module_preset=\u00bbdefault\u00bb global_colors_info=\u00bb{}\u00bb][\/et_pb_number_counter][\/et_pb_column][et_pb_column type=\u00bb1_4&#8243; _builder_version=\u00bb4.27.0&#8243; _module_preset=\u00bbdefault\u00bb global_colors_info=\u00bb{}\u00bb][et_pb_number_counter title=\u00bbJEFES EXPERTOS\u00bb number=\u00bb27&#8243; percent_sign=\u00bboff\u00bb _builder_version=\u00bb4.27.0&#8243; _module_preset=\u00bbdefault\u00bb global_colors_info=\u00bb{}\u00bb][\/et_pb_number_counter][\/et_pb_column][et_pb_column type=\u00bb1_4&#8243; _builder_version=\u00bb4.27.0&#8243; _module_preset=\u00bbdefault\u00bb global_colors_info=\u00bb{}\u00bb][et_pb_number_counter title=\u00bbJEFES DE EQUIPO\u00bb number=\u00bb28&#8243; percent_sign=\u00bboff\u00bb _builder_version=\u00bb4.27.0&#8243; _module_preset=\u00bbdefault\u00bb global_colors_info=\u00bb{}\u00bb][\/et_pb_number_counter][\/et_pb_column][\/et_pb_row][\/et_pb_section][et_pb_section fb_built=\u00bb1&#8243; _builder_version=\u00bb4.27.0&#8243; _module_preset=\u00bbdefault\u00bb background_color=\u00bbrgba(0,255,255,0.23)\u00bb custom_padding=\u00bb29px|||||\u00bb global_colors_info=\u00bb{}\u00bb][et_pb_row _builder_version=\u00bb4.21.0&#8243; _module_preset=\u00bbdefault\u00bb global_colors_info=\u00bb{}\u00bb][et_pb_column type=\u00bb4_4&#8243; _builder_version=\u00bb4.21.0&#8243; _module_preset=\u00bbdefault\u00bb global_colors_info=\u00bb{}\u00bb][et_pb_text _builder_version=\u00bb4.21.0&#8243; _module_preset=\u00bbdefault\u00bb text_font_size=\u00bb16px\u00bb text_line_height=\u00bb1em\u00bb header_2_text_align=\u00bbleft\u00bb header_2_font_size=\u00bb23px\u00bb header_3_text_align=\u00bbleft\u00bb header_3_font_size=\u00bb17px\u00bb global_colors_info=\u00bb{}\u00bb]<\/p>\n<h1 style=\"text-align: center;\"><strong>SEDES DE COMPETENCIA<br \/><\/strong><\/h1>\n<p>[\/et_pb_text][\/et_pb_column][\/et_pb_row][et_pb_row column_structure=\u00bb1_4,1_4,1_4,1_4&#8243; _builder_version=\u00bb4.21.0&#8243; _module_preset=\u00bbdefault\u00bb global_colors_info=\u00bb{}\u00bb][et_pb_column type=\u00bb1_4&#8243; _builder_version=\u00bb4.21.0&#8243; _module_preset=\u00bbdefault\u00bb global_colors_info=\u00bb{}\u00bb][et_pb_icon font_icon=\u00bb&#xf3c5;||fa||900&#8243; icon_color=\u00bb#00457A\u00bb _builder_version=\u00bb4.21.0&#8243; _module_preset=\u00bbdefault\u00bb custom_margin=\u00bb||11px|||\u00bb global_colors_info=\u00bb{}\u00bb][\/et_pb_icon][et_pb_text _builder_version=\u00bb4.21.0&#8243; _module_preset=\u00bbdefault\u00bb header_text_color=\u00bb#FFFFFF\u00bb header_5_font=\u00bbRoboto Condensed|700|||||||\u00bb header_5_text_align=\u00bbcenter\u00bb header_5_text_color=\u00bb#474747&#8243; header_5_font_size=\u00bb17px\u00bb global_colors_info=\u00bb{}\u00bb]<\/p>\n<h5>Centro de Capacitaci\u00f3n Villa Nueva<\/h5>\n<p>[\/et_pb_text][\/et_pb_column][et_pb_column type=\u00bb1_4&#8243; _builder_version=\u00bb4.21.0&#8243; _module_preset=\u00bbdefault\u00bb global_colors_info=\u00bb{}\u00bb][et_pb_icon font_icon=\u00bb&#xf3c5;||fa||900&#8243; icon_color=\u00bb#007FE0&#8243; _builder_version=\u00bb4.21.0&#8243; _module_preset=\u00bbdefault\u00bb custom_margin=\u00bb||11px|||\u00bb global_colors_info=\u00bb{}\u00bb][\/et_pb_icon][et_pb_text _builder_version=\u00bb4.21.0&#8243; _module_preset=\u00bbdefault\u00bb header_text_color=\u00bb#FFFFFF\u00bb header_5_font=\u00bbRoboto Condensed|700|||||||\u00bb header_5_text_align=\u00bbcenter\u00bb header_5_text_color=\u00bb#474747&#8243; header_5_font_size=\u00bb17px\u00bb global_colors_info=\u00bb{}\u00bb]<\/p>\n<h5>Centro de Capacitaci\u00f3n TIC\u00b4s<\/h5>\n<p>[\/et_pb_text][\/et_pb_column][et_pb_column type=\u00bb1_4&#8243; _builder_version=\u00bb4.21.0&#8243; _module_preset=\u00bbdefault\u00bb global_colors_info=\u00bb{}\u00bb][et_pb_icon font_icon=\u00bb&#xf3c5;||fa||900&#8243; icon_color=\u00bb#00457A\u00bb _builder_version=\u00bb4.21.0&#8243; _module_preset=\u00bbdefault\u00bb custom_margin=\u00bb||11px|||\u00bb global_colors_info=\u00bb{}\u00bb][\/et_pb_icon][et_pb_text _builder_version=\u00bb4.21.0&#8243; _module_preset=\u00bbdefault\u00bb header_text_color=\u00bb#FFFFFF\u00bb header_5_font=\u00bbRoboto Condensed|700|||||||\u00bb header_5_text_align=\u00bbcenter\u00bb header_5_text_color=\u00bb#474747&#8243; header_5_font_size=\u00bb17px\u00bb global_colors_info=\u00bb{}\u00bb]<\/p>\n<h5>Centro de Capacitaci\u00f3n Baja Verapaz<\/h5>\n<p>[\/et_pb_text][\/et_pb_column][et_pb_column type=\u00bb1_4&#8243; _builder_version=\u00bb4.21.0&#8243; _module_preset=\u00bbdefault\u00bb global_colors_info=\u00bb{}\u00bb][et_pb_icon font_icon=\u00bb&#xf3c5;||fa||900&#8243; icon_color=\u00bb#00457A\u00bb _builder_version=\u00bb4.21.0&#8243; _module_preset=\u00bbdefault\u00bb custom_margin=\u00bb||11px|||\u00bb global_colors_info=\u00bb{}\u00bb][\/et_pb_icon][et_pb_text _builder_version=\u00bb4.27.0&#8243; _module_preset=\u00bbdefault\u00bb header_text_color=\u00bb#FFFFFF\u00bb header_5_font=\u00bbRoboto Condensed|700|||||||\u00bb header_5_text_align=\u00bbcenter\u00bb header_5_text_color=\u00bb#474747&#8243; header_5_font_size=\u00bb17px\u00bb global_colors_info=\u00bb{}\u00bb]<\/p>\n<h5>Centro de Capacitaci\u00f3n en Turismo<\/h5>\n<p>[\/et_pb_text][\/et_pb_column][\/et_pb_row][et_pb_row column_structure=\u00bb1_3,1_3,1_3&#8243; _builder_version=\u00bb4.21.0&#8243; _module_preset=\u00bbdefault\u00bb global_colors_info=\u00bb{}\u00bb][et_pb_column type=\u00bb1_3&#8243; _builder_version=\u00bb4.21.0&#8243; _module_preset=\u00bbdefault\u00bb global_colors_info=\u00bb{}\u00bb][et_pb_icon font_icon=\u00bb&#xf3c5;||fa||900&#8243; icon_color=\u00bb#00457A\u00bb _builder_version=\u00bb4.21.0&#8243; _module_preset=\u00bbdefault\u00bb custom_margin=\u00bb||11px|||\u00bb global_colors_info=\u00bb{}\u00bb][\/et_pb_icon][et_pb_text _builder_version=\u00bb4.21.0&#8243; _module_preset=\u00bbdefault\u00bb header_text_color=\u00bb#FFFFFF\u00bb header_5_font=\u00bbRoboto Condensed|700|||||||\u00bb header_5_text_align=\u00bbcenter\u00bb header_5_text_color=\u00bb#474747&#8243; header_5_font_size=\u00bb17px\u00bb global_colors_info=\u00bb{}\u00bb]<\/p>\n<h5>Centro de Capacitaci\u00f3n Quetzaltenango<\/h5>\n<p>[\/et_pb_text][\/et_pb_column][et_pb_column type=\u00bb1_3&#8243; _builder_version=\u00bb4.21.0&#8243; _module_preset=\u00bbdefault\u00bb global_colors_info=\u00bb{}\u00bb][et_pb_icon font_icon=\u00bb&#xf3c5;||fa||900&#8243; icon_color=\u00bb#007FE0&#8243; _builder_version=\u00bb4.21.0&#8243; _module_preset=\u00bbdefault\u00bb custom_margin=\u00bb||11px|||\u00bb global_colors_info=\u00bb{}\u00bb][\/et_pb_icon][et_pb_text _builder_version=\u00bb4.27.0&#8243; _module_preset=\u00bbdefault\u00bb header_text_color=\u00bb#FFFFFF\u00bb header_5_font=\u00bbRoboto Condensed|700|||||||\u00bb header_5_text_align=\u00bbcenter\u00bb header_5_text_color=\u00bb#474747&#8243; header_5_font_size=\u00bb17px\u00bb global_colors_info=\u00bb{}\u00bb]<\/p>\n<h5>Centro de Capacitaci\u00f3n Chiquimula<\/h5>\n<p>[\/et_pb_text][\/et_pb_column][et_pb_column type=\u00bb1_3&#8243; _builder_version=\u00bb4.27.0&#8243; _module_preset=\u00bbdefault\u00bb global_colors_info=\u00bb{}\u00bb][et_pb_icon font_icon=\u00bb&#xf3c5;||fa||900&#8243; icon_color=\u00bb#007FE0&#8243; _builder_version=\u00bb4.21.0&#8243; _module_preset=\u00bbdefault\u00bb custom_margin=\u00bb||11px|||\u00bb global_colors_info=\u00bb{}\u00bb][\/et_pb_icon][et_pb_text _builder_version=\u00bb4.21.0&#8243; _module_preset=\u00bbdefault\u00bb header_text_color=\u00bb#FFFFFF\u00bb header_5_font=\u00bbRoboto Condensed|700|||||||\u00bb header_5_text_align=\u00bbcenter\u00bb header_5_text_color=\u00bb#474747&#8243; header_5_font_size=\u00bb17px\u00bb global_colors_info=\u00bb{}\u00bb]<\/p>\n<h5>Centro de Capacitaci\u00f3n Suchitep\u00e9quez<\/h5>\n<p>[\/et_pb_text][\/et_pb_column][\/et_pb_row][\/et_pb_section][et_pb_section fb_built=\u00bb1&#8243; _builder_version=\u00bb4.21.0&#8243; _module_preset=\u00bbdefault\u00bb global_colors_info=\u00bb{}\u00bb][et_pb_row _builder_version=\u00bb4.21.0&#8243; _module_preset=\u00bbdefault\u00bb global_colors_info=\u00bb{}\u00bb][et_pb_column type=\u00bb4_4&#8243; _builder_version=\u00bb4.21.0&#8243; _module_preset=\u00bbdefault\u00bb global_colors_info=\u00bb{}\u00bb][et_pb_text _builder_version=\u00bb4.21.0&#8243; _module_preset=\u00bbdefault\u00bb text_font_size=\u00bb16px\u00bb text_line_height=\u00bb1em\u00bb header_font_size=\u00bb35px\u00bb header_2_text_align=\u00bbleft\u00bb header_2_font_size=\u00bb23px\u00bb header_3_text_align=\u00bbleft\u00bb header_3_font_size=\u00bb17px\u00bb global_colors_info=\u00bb{}\u00bb]<\/p>\n<h2 style=\"text-align: center;\"><strong>OCUPACIONES T\u00c9CNICAS EN COMPETENCIA<br \/><\/strong><\/h2>\n<p>[\/et_pb_text][\/et_pb_column][\/et_pb_row][et_pb_row column_structure=\u00bb1_5,1_5,1_5,1_5,1_5&#8243; _builder_version=\u00bb4.27.0&#8243; _module_preset=\u00bbdefault\u00bb max_width=\u00bb1200px\u00bb global_colors_info=\u00bb{}\u00bb][et_pb_column type=\u00bb1_5&#8243; _builder_version=\u00bb4.27.0&#8243; _module_preset=\u00bbdefault\u00bb global_colors_info=\u00bb{}\u00bb][et_pb_icon font_icon=\u00bb&#xf1ce;||fa||900&#8243; icon_color=\u00bb#D6D6D6&#8243; icon_width=\u00bb64px\u00bb _builder_version=\u00bb4.27.0&#8243; _module_preset=\u00bbdefault\u00bb global_colors_info=\u00bb{}\u00bb][\/et_pb_icon][et_pb_text _builder_version=\u00bb4.27.0&#8243; _module_preset=\u00bbdefault\u00bb header_4_font=\u00bbPoppins|700|||||||\u00bb header_4_text_align=\u00bbcenter\u00bb global_colors_info=\u00bb{}\u00bb]<\/p>\n<h4>SOLDADURA\u00a0<\/h4>\n<p>[\/et_pb_text][\/et_pb_column][et_pb_column type=\u00bb1_5&#8243; _builder_version=\u00bb4.27.0&#8243; _module_preset=\u00bbdefault\u00bb global_colors_info=\u00bb{}\u00bb][et_pb_icon font_icon=\u00bb&#xf1ce;||fa||900&#8243; icon_color=\u00bb#D6D6D6&#8243; icon_width=\u00bb64px\u00bb _builder_version=\u00bb4.27.0&#8243; _module_preset=\u00bbdefault\u00bb global_colors_info=\u00bb{}\u00bb][\/et_pb_icon][et_pb_text _builder_version=\u00bb4.27.0&#8243; _module_preset=\u00bbdefault\u00bb header_4_font=\u00bbPoppins|700|||||||\u00bb header_4_text_align=\u00bbcenter\u00bb global_colors_info=\u00bb{}\u00bb]<\/p>\n<h4>MECATR\u00d3NICA<\/h4>\n<p>[\/et_pb_text][\/et_pb_column][et_pb_column type=\u00bb1_5&#8243; _builder_version=\u00bb4.27.0&#8243; _module_preset=\u00bbdefault\u00bb global_colors_info=\u00bb{}\u00bb][et_pb_icon font_icon=\u00bb&#xf1ce;||fa||900&#8243; icon_color=\u00bb#D6D6D6&#8243; icon_width=\u00bb64px\u00bb _builder_version=\u00bb4.27.0&#8243; _module_preset=\u00bbdefault\u00bb global_colors_info=\u00bb{}\u00bb][\/et_pb_icon][et_pb_text _builder_version=\u00bb4.27.0&#8243; _module_preset=\u00bbdefault\u00bb header_4_font=\u00bbPoppins|700|||||||\u00bb header_4_text_align=\u00bbcenter\u00bb global_colors_info=\u00bb{}\u00bb]<\/p>\n<h4>MANTENIMIENTO INDUSTRIAL<\/h4>\n<p>[\/et_pb_text][\/et_pb_column][et_pb_column type=\u00bb1_5&#8243; _builder_version=\u00bb4.27.0&#8243; _module_preset=\u00bbdefault\u00bb global_colors_info=\u00bb{}\u00bb][et_pb_icon font_icon=\u00bb&#xf1ce;||fa||900&#8243; icon_color=\u00bb#D6D6D6&#8243; icon_width=\u00bb64px\u00bb _builder_version=\u00bb4.27.0&#8243; _module_preset=\u00bbdefault\u00bb global_colors_info=\u00bb{}\u00bb][\/et_pb_icon][et_pb_text _builder_version=\u00bb4.27.0&#8243; _module_preset=\u00bbdefault\u00bb header_4_font=\u00bbPoppins|700|||||||\u00bb header_4_text_align=\u00bbcenter\u00bb global_colors_info=\u00bb{}\u00bb]<\/p>\n<h4>TECNOLOG\u00cdA DEL AUTOM\u00d3VIL<\/h4>\n<p>[\/et_pb_text][\/et_pb_column][et_pb_column type=\u00bb1_5&#8243; _builder_version=\u00bb4.27.0&#8243; _module_preset=\u00bbdefault\u00bb global_colors_info=\u00bb{}\u00bb][et_pb_icon font_icon=\u00bb&#xf1ce;||fa||900&#8243; icon_color=\u00bb#D6D6D6&#8243; icon_width=\u00bb64px\u00bb _builder_version=\u00bb4.27.0&#8243; _module_preset=\u00bbdefault\u00bb global_colors_info=\u00bb{}\u00bb][\/et_pb_icon][et_pb_text _builder_version=\u00bb4.27.0&#8243; _module_preset=\u00bbdefault\u00bb header_4_font=\u00bbPoppins|700|||||||\u00bb header_4_text_align=\u00bbcenter\u00bb global_colors_info=\u00bb{}\u00bb]<\/p>\n<h4>MAQUINADO CNC<\/h4>\n<p>[\/et_pb_text][\/et_pb_column][\/et_pb_row][et_pb_row column_structure=\u00bb1_5,1_5,1_5,1_5,1_5&#8243; _builder_version=\u00bb4.27.0&#8243; _module_preset=\u00bbdefault\u00bb max_width=\u00bb1200px\u00bb global_colors_info=\u00bb{}\u00bb][et_pb_column type=\u00bb1_5&#8243; _builder_version=\u00bb4.27.0&#8243; _module_preset=\u00bbdefault\u00bb global_colors_info=\u00bb{}\u00bb][et_pb_icon font_icon=\u00bb&#xf1ce;||fa||900&#8243; icon_color=\u00bb#D6D6D6&#8243; icon_width=\u00bb64px\u00bb _builder_version=\u00bb4.27.0&#8243; _module_preset=\u00bbdefault\u00bb global_colors_info=\u00bb{}\u00bb][\/et_pb_icon][et_pb_text _builder_version=\u00bb4.27.0&#8243; _module_preset=\u00bbdefault\u00bb header_4_font=\u00bbPoppins|700|||||||\u00bb header_4_text_align=\u00bbcenter\u00bb global_colors_info=\u00bb{}\u00bb]<\/p>\n<h4>INDUSTRIA 4.0<\/h4>\n<p>[\/et_pb_text][\/et_pb_column][et_pb_column type=\u00bb1_5&#8243; _builder_version=\u00bb4.27.0&#8243; _module_preset=\u00bbdefault\u00bb global_colors_info=\u00bb{}\u00bb][et_pb_icon font_icon=\u00bb&#xf1ce;||fa||900&#8243; icon_color=\u00bb#D6D6D6&#8243; icon_width=\u00bb64px\u00bb _builder_version=\u00bb4.27.0&#8243; _module_preset=\u00bbdefault\u00bb global_colors_info=\u00bb{}\u00bb][\/et_pb_icon][et_pb_text _builder_version=\u00bb4.27.0&#8243; _module_preset=\u00bbdefault\u00bb header_4_font=\u00bbPoppins|700|||||||\u00bb header_4_text_align=\u00bbcenter\u00bb global_colors_info=\u00bb{}\u00bb]<\/p>\n<h4>REFRIGERACI\u00d3N<\/h4>\n<p>[\/et_pb_text][\/et_pb_column][et_pb_column type=\u00bb1_5&#8243; _builder_version=\u00bb4.27.0&#8243; _module_preset=\u00bbdefault\u00bb global_colors_info=\u00bb{}\u00bb][et_pb_icon font_icon=\u00bb&#xf1ce;||fa||900&#8243; icon_color=\u00bb#D6D6D6&#8243; icon_width=\u00bb64px\u00bb _builder_version=\u00bb4.27.0&#8243; _module_preset=\u00bbdefault\u00bb global_colors_info=\u00bb{}\u00bb][\/et_pb_icon][et_pb_text _builder_version=\u00bb4.27.0&#8243; _module_preset=\u00bbdefault\u00bb header_4_font=\u00bbPoppins|700|||||||\u00bb header_4_text_align=\u00bbcenter\u00bb global_colors_info=\u00bb{}\u00bb]<\/p>\n<h4>INSTRUMENTACI\u00d3N DE PROCESOS<\/h4>\n<p>[\/et_pb_text][\/et_pb_column][et_pb_column type=\u00bb1_5&#8243; _builder_version=\u00bb4.27.0&#8243; _module_preset=\u00bbdefault\u00bb global_colors_info=\u00bb{}\u00bb][et_pb_icon font_icon=\u00bb&#xf1ce;||fa||900&#8243; icon_color=\u00bb#D6D6D6&#8243; icon_width=\u00bb64px\u00bb _builder_version=\u00bb4.27.0&#8243; _module_preset=\u00bbdefault\u00bb global_colors_info=\u00bb{}\u00bb][\/et_pb_icon][et_pb_text _builder_version=\u00bb4.27.0&#8243; _module_preset=\u00bbdefault\u00bb header_4_font=\u00bbPoppins|700|||||||\u00bb header_4_text_align=\u00bbcenter\u00bb global_colors_info=\u00bb{}\u00bb]<\/p>\n<h4>PINTURA DEL AUTOM\u00d3VIL<\/h4>\n<p>[\/et_pb_text][\/et_pb_column][et_pb_column type=\u00bb1_5&#8243; _builder_version=\u00bb4.27.0&#8243; _module_preset=\u00bbdefault\u00bb global_colors_info=\u00bb{}\u00bb][et_pb_icon font_icon=\u00bb&#xf1ce;||fa||900&#8243; icon_color=\u00bb#D6D6D6&#8243; icon_width=\u00bb64px\u00bb _builder_version=\u00bb4.27.0&#8243; _module_preset=\u00bbdefault\u00bb global_colors_info=\u00bb{}\u00bb][\/et_pb_icon][et_pb_text _builder_version=\u00bb4.27.0&#8243; _module_preset=\u00bbdefault\u00bb header_4_font=\u00bbPoppins|700|||||||\u00bb header_4_text_align=\u00bbcenter\u00bb global_colors_info=\u00bb{}\u00bb]<\/p>\n<h4>REPARACI\u00d3N DE CARROCER\u00cdAS DE VEH\u00cdCULOS<\/h4>\n<p>[\/et_pb_text][\/et_pb_column][\/et_pb_row][et_pb_row column_structure=\u00bb1_5,1_5,1_5,1_5,1_5&#8243; _builder_version=\u00bb4.27.0&#8243; _module_preset=\u00bbdefault\u00bb max_width=\u00bb1200px\u00bb global_colors_info=\u00bb{}\u00bb][et_pb_column type=\u00bb1_5&#8243; _builder_version=\u00bb4.27.0&#8243; _module_preset=\u00bbdefault\u00bb global_colors_info=\u00bb{}\u00bb][et_pb_icon font_icon=\u00bb&#xf1ce;||fa||900&#8243; icon_color=\u00bb#D6D6D6&#8243; icon_width=\u00bb64px\u00bb _builder_version=\u00bb4.27.0&#8243; _module_preset=\u00bbdefault\u00bb global_colors_info=\u00bb{}\u00bb][\/et_pb_icon][et_pb_text _builder_version=\u00bb4.27.0&#8243; _module_preset=\u00bbdefault\u00bb header_4_font=\u00bbPoppins|700|||||||\u00bb header_4_text_align=\u00bbcenter\u00bb global_colors_info=\u00bb{}\u00bb]<\/p>\n<h4>ELECTR\u00d3NICA<\/h4>\n<p>[\/et_pb_text][\/et_pb_column][et_pb_column type=\u00bb1_5&#8243; _builder_version=\u00bb4.27.0&#8243; _module_preset=\u00bbdefault\u00bb global_colors_info=\u00bb{}\u00bb][et_pb_icon font_icon=\u00bb&#xf1ce;||fa||900&#8243; icon_color=\u00bb#D6D6D6&#8243; icon_width=\u00bb64px\u00bb _builder_version=\u00bb4.27.0&#8243; _module_preset=\u00bbdefault\u00bb global_colors_info=\u00bb{}\u00bb][\/et_pb_icon][et_pb_text _builder_version=\u00bb4.27.0&#8243; _module_preset=\u00bbdefault\u00bb header_4_font=\u00bbPoppins|700|||||||\u00bb header_4_text_align=\u00bbcenter\u00bb global_colors_info=\u00bb{}\u00bb]<\/p>\n<h4>PASTELER\u00cdA<\/h4>\n<p>[\/et_pb_text][\/et_pb_column][et_pb_column type=\u00bb1_5&#8243; _builder_version=\u00bb4.27.0&#8243; _module_preset=\u00bbdefault\u00bb global_colors_info=\u00bb{}\u00bb][et_pb_icon font_icon=\u00bb&#xf1ce;||fa||900&#8243; icon_color=\u00bb#D6D6D6&#8243; icon_width=\u00bb64px\u00bb _builder_version=\u00bb4.27.0&#8243; _module_preset=\u00bbdefault\u00bb global_colors_info=\u00bb{}\u00bb][\/et_pb_icon][et_pb_text _builder_version=\u00bb4.27.0&#8243; _module_preset=\u00bbdefault\u00bb header_4_font=\u00bbPoppins|700|||||||\u00bb header_4_text_align=\u00bbcenter\u00bb global_colors_info=\u00bb{}\u00bb]<\/p>\n<h4>COCINA<\/h4>\n<p>[\/et_pb_text][\/et_pb_column][et_pb_column type=\u00bb1_5&#8243; _builder_version=\u00bb4.27.0&#8243; _module_preset=\u00bbdefault\u00bb global_colors_info=\u00bb{}\u00bb][et_pb_icon font_icon=\u00bb&#xf1ce;||fa||900&#8243; icon_color=\u00bb#D6D6D6&#8243; icon_width=\u00bb64px\u00bb _builder_version=\u00bb4.27.0&#8243; _module_preset=\u00bbdefault\u00bb global_colors_info=\u00bb{}\u00bb][\/et_pb_icon][et_pb_text _builder_version=\u00bb4.27.0&#8243; _module_preset=\u00bbdefault\u00bb header_4_font=\u00bbPoppins|700|||||||\u00bb header_4_text_align=\u00bbcenter\u00bb global_colors_info=\u00bb{}\u00bb]<\/p>\n<h4>BARISTA<\/h4>\n<p>[\/et_pb_text][\/et_pb_column][et_pb_column type=\u00bb1_5&#8243; _builder_version=\u00bb4.27.0&#8243; _module_preset=\u00bbdefault\u00bb global_colors_info=\u00bb{}\u00bb][et_pb_icon font_icon=\u00bb&#xf1ce;||fa||900&#8243; icon_color=\u00bb#D6D6D6&#8243; icon_width=\u00bb64px\u00bb _builder_version=\u00bb4.27.0&#8243; _module_preset=\u00bbdefault\u00bb global_colors_info=\u00bb{}\u00bb][\/et_pb_icon][et_pb_text _builder_version=\u00bb4.27.0&#8243; _module_preset=\u00bbdefault\u00bb header_4_font=\u00bbPoppins|700|||||||\u00bb header_4_text_align=\u00bbcenter\u00bb global_colors_info=\u00bb{}\u00bb]<\/p>\n<h4>PELUQUER\u00cdAS SE\u00d1ORAS\/HOMBRES<\/h4>\n<p>[\/et_pb_text][\/et_pb_column][\/et_pb_row][et_pb_row column_structure=\u00bb1_5,1_5,1_5,1_5,1_5&#8243; _builder_version=\u00bb4.27.0&#8243; _module_preset=\u00bbdefault\u00bb max_width=\u00bb1200px\u00bb global_colors_info=\u00bb{}\u00bb][et_pb_column type=\u00bb1_5&#8243; _builder_version=\u00bb4.27.0&#8243; _module_preset=\u00bbdefault\u00bb global_colors_info=\u00bb{}\u00bb][et_pb_icon font_icon=\u00bb&#xf1ce;||fa||900&#8243; icon_color=\u00bb#D6D6D6&#8243; icon_width=\u00bb64px\u00bb _builder_version=\u00bb4.27.0&#8243; _module_preset=\u00bbdefault\u00bb global_colors_info=\u00bb{}\u00bb][\/et_pb_icon][et_pb_text _builder_version=\u00bb4.27.0&#8243; _module_preset=\u00bbdefault\u00bb header_4_font=\u00bbPoppins|700|||||||\u00bb header_4_text_align=\u00bbcenter\u00bb global_colors_info=\u00bb{}\u00bb]<\/p>\n<h4>TECNOLOG\u00cdA DE LA MODA<\/h4>\n<p>[\/et_pb_text][\/et_pb_column][et_pb_column type=\u00bb1_5&#8243; _builder_version=\u00bb4.27.0&#8243; _module_preset=\u00bbdefault\u00bb global_colors_info=\u00bb{}\u00bb][et_pb_icon font_icon=\u00bb&#xf1ce;||fa||900&#8243; icon_color=\u00bb#D6D6D6&#8243; icon_width=\u00bb64px\u00bb _builder_version=\u00bb4.27.0&#8243; _module_preset=\u00bbdefault\u00bb global_colors_info=\u00bb{}\u00bb][\/et_pb_icon][et_pb_text _builder_version=\u00bb4.27.0&#8243; _module_preset=\u00bbdefault\u00bb header_4_font=\u00bbPoppins|700|||||||\u00bb header_4_text_align=\u00bbcenter\u00bb global_colors_info=\u00bb{}\u00bb]<\/p>\n<h4>TORNO CONVENCIONAL<\/h4>\n<p>[\/et_pb_text][\/et_pb_column][et_pb_column type=\u00bb1_5&#8243; _builder_version=\u00bb4.27.0&#8243; _module_preset=\u00bbdefault\u00bb global_colors_info=\u00bb{}\u00bb][et_pb_icon font_icon=\u00bb&#xf1ce;||fa||900&#8243; icon_color=\u00bb#D6D6D6&#8243; icon_width=\u00bb64px\u00bb _builder_version=\u00bb4.27.0&#8243; _module_preset=\u00bbdefault\u00bb global_colors_info=\u00bb{}\u00bb][\/et_pb_icon][et_pb_text _builder_version=\u00bb4.27.0&#8243; _module_preset=\u00bbdefault\u00bb header_4_font=\u00bbPoppins|700|||||||\u00bb header_4_text_align=\u00bbcenter\u00bb global_colors_info=\u00bb{}\u00bb]<\/p>\n<h4>FRESA CONVENCIONAL<\/h4>\n<p>[\/et_pb_text][\/et_pb_column][et_pb_column type=\u00bb1_5&#8243; _builder_version=\u00bb4.27.0&#8243; _module_preset=\u00bbdefault\u00bb global_colors_info=\u00bb{}\u00bb][et_pb_icon font_icon=\u00bb&#xf1ce;||fa||900&#8243; icon_color=\u00bb#D6D6D6&#8243; icon_width=\u00bb64px\u00bb _builder_version=\u00bb4.27.0&#8243; _module_preset=\u00bbdefault\u00bb global_colors_info=\u00bb{}\u00bb][\/et_pb_icon][et_pb_text _builder_version=\u00bb4.27.0&#8243; _module_preset=\u00bbdefault\u00bb header_4_font=\u00bbPoppins|700|||||||\u00bb header_4_text_align=\u00bbcenter\u00bb global_colors_info=\u00bb{}\u00bb]<\/p>\n<h4>CONTROL INDUSTRIAL<\/h4>\n<p>[\/et_pb_text][\/et_pb_column][et_pb_column type=\u00bb1_5&#8243; _builder_version=\u00bb4.27.0&#8243; _module_preset=\u00bbdefault\u00bb global_colors_info=\u00bb{}\u00bb][et_pb_icon font_icon=\u00bb&#xf1ce;||fa||900&#8243; icon_color=\u00bb#D6D6D6&#8243; icon_width=\u00bb64px\u00bb _builder_version=\u00bb4.27.0&#8243; _module_preset=\u00bbdefault\u00bb global_colors_info=\u00bb{}\u00bb][\/et_pb_icon][et_pb_text _builder_version=\u00bb4.27.0&#8243; _module_preset=\u00bbdefault\u00bb header_4_font=\u00bbPoppins|700|||||||\u00bb header_4_text_align=\u00bbcenter\u00bb global_colors_info=\u00bb{}\u00bb]<\/p>\n<h4>INSTALACIONES EL\u00c9CTRICAS<\/h4>\n<p>[\/et_pb_text][\/et_pb_column][\/et_pb_row][et_pb_row column_structure=\u00bb1_5,1_5,1_5,1_5,1_5&#8243; _builder_version=\u00bb4.27.0&#8243; _module_preset=\u00bbdefault\u00bb max_width=\u00bb1200px\u00bb global_colors_info=\u00bb{}\u00bb][et_pb_column type=\u00bb1_5&#8243; _builder_version=\u00bb4.27.0&#8243; _module_preset=\u00bbdefault\u00bb global_colors_info=\u00bb{}\u00bb][et_pb_icon font_icon=\u00bb&#xf1ce;||fa||900&#8243; icon_color=\u00bb#D6D6D6&#8243; icon_width=\u00bb64px\u00bb _builder_version=\u00bb4.27.0&#8243; _module_preset=\u00bbdefault\u00bb global_colors_info=\u00bb{}\u00bb][\/et_pb_icon][et_pb_text _builder_version=\u00bb4.27.0&#8243; _module_preset=\u00bbdefault\u00bb header_4_font=\u00bbPoppins|700|||||||\u00bb header_4_text_align=\u00bbcenter\u00bb global_colors_info=\u00bb{}\u00bb]<\/p>\n<h4>ENERG\u00cdAS RENOVABLES<\/h4>\n<p>[\/et_pb_text][\/et_pb_column][et_pb_column type=\u00bb1_5&#8243; _builder_version=\u00bb4.27.0&#8243; _module_preset=\u00bbdefault\u00bb global_colors_info=\u00bb{}\u00bb][et_pb_icon font_icon=\u00bb&#xf1ce;||fa||900&#8243; icon_color=\u00bb#D6D6D6&#8243; icon_width=\u00bb64px\u00bb _builder_version=\u00bb4.27.0&#8243; _module_preset=\u00bbdefault\u00bb global_colors_info=\u00bb{}\u00bb][\/et_pb_icon][et_pb_text _builder_version=\u00bb4.27.0&#8243; _module_preset=\u00bbdefault\u00bb header_4_font=\u00bbPoppins|700|||||||\u00bb header_4_text_align=\u00bbcenter\u00bb global_colors_info=\u00bb{}\u00bb]<\/p>\n<h4>DISE\u00d1O DE INGENIER\u00cdA MEC\u00c1NICA CAD<\/h4>\n<p>[\/et_pb_text][\/et_pb_column][et_pb_column type=\u00bb1_5&#8243; _builder_version=\u00bb4.27.0&#8243; _module_preset=\u00bbdefault\u00bb global_colors_info=\u00bb{}\u00bb][et_pb_icon font_icon=\u00bb&#xf1ce;||fa||900&#8243; icon_color=\u00bb#D6D6D6&#8243; icon_width=\u00bb64px\u00bb _builder_version=\u00bb4.27.0&#8243; _module_preset=\u00bbdefault\u00bb global_colors_info=\u00bb{}\u00bb][\/et_pb_icon][et_pb_text _builder_version=\u00bb4.27.0&#8243; _module_preset=\u00bbdefault\u00bb header_4_font=\u00bbPoppins|700|||||||\u00bb header_4_text_align=\u00bbcenter\u00bb global_colors_info=\u00bb{}\u00bb]<\/p>\n<h4>DISE\u00d1O WEB<\/h4>\n<p>[\/et_pb_text][\/et_pb_column][et_pb_column type=\u00bb1_5&#8243; _builder_version=\u00bb4.27.0&#8243; _module_preset=\u00bbdefault\u00bb global_colors_info=\u00bb{}\u00bb][et_pb_icon font_icon=\u00bb&#xf1ce;||fa||900&#8243; icon_color=\u00bb#D6D6D6&#8243; icon_width=\u00bb64px\u00bb _builder_version=\u00bb4.27.0&#8243; _module_preset=\u00bbdefault\u00bb global_colors_info=\u00bb{}\u00bb][\/et_pb_icon][et_pb_text _builder_version=\u00bb4.27.0&#8243; _module_preset=\u00bbdefault\u00bb header_4_font=\u00bbPoppins|700|||||||\u00bb header_4_text_align=\u00bbcenter\u00bb global_colors_info=\u00bb{}\u00bb]<\/p>\n<h4>SISTEMA DE REDES IT<\/h4>\n<p>[\/et_pb_text][\/et_pb_column][et_pb_column type=\u00bb1_5&#8243; _builder_version=\u00bb4.27.0&#8243; _module_preset=\u00bbdefault\u00bb global_colors_info=\u00bb{}\u00bb][et_pb_icon font_icon=\u00bb&#xf1ce;||fa||900&#8243; icon_color=\u00bb#D6D6D6&#8243; icon_width=\u00bb64px\u00bb _builder_version=\u00bb4.27.0&#8243; _module_preset=\u00bbdefault\u00bb global_colors_info=\u00bb{}\u00bb][\/et_pb_icon][et_pb_text _builder_version=\u00bb4.27.0&#8243; _module_preset=\u00bbdefault\u00bb header_4_font=\u00bbPoppins|700|||||||\u00bb header_4_text_align=\u00bbcenter\u00bb global_colors_info=\u00bb{}\u00bb]<\/p>\n<h4>TECNOLOG\u00cdA DE DISE\u00d1O GR\u00c1FICO<\/h4>\n<p>[\/et_pb_text][\/et_pb_column][\/et_pb_row][et_pb_row column_structure=\u00bb1_5,1_5,1_5,1_5,1_5&#8243; _builder_version=\u00bb4.27.0&#8243; _module_preset=\u00bbdefault\u00bb max_width=\u00bb1200px\u00bb global_colors_info=\u00bb{}\u00bb][et_pb_column type=\u00bb1_5&#8243; _builder_version=\u00bb4.27.0&#8243; _module_preset=\u00bbdefault\u00bb global_colors_info=\u00bb{}\u00bb][et_pb_icon font_icon=\u00bb&#xf1ce;||fa||900&#8243; icon_color=\u00bb#D6D6D6&#8243; icon_width=\u00bb64px\u00bb _builder_version=\u00bb4.27.0&#8243; _module_preset=\u00bbdefault\u00bb global_colors_info=\u00bb{}\u00bb][\/et_pb_icon][et_pb_text _builder_version=\u00bb4.27.0&#8243; _module_preset=\u00bbdefault\u00bb header_4_font=\u00bbPoppins|700|||||||\u00bb header_4_text_align=\u00bbcenter\u00bb global_colors_info=\u00bb{}\u00bb]<\/p>\n<h4>DESARROLLO DE APLICACIONES M\u00d3VILES<\/h4>\n<p>[\/et_pb_text][\/et_pb_column][et_pb_column type=\u00bb1_5&#8243; _builder_version=\u00bb4.27.0&#8243; _module_preset=\u00bbdefault\u00bb global_colors_info=\u00bb{}\u00bb][et_pb_icon font_icon=\u00bb&#xf1ce;||fa||900&#8243; icon_color=\u00bb#D6D6D6&#8243; icon_width=\u00bb64px\u00bb _builder_version=\u00bb4.27.0&#8243; _module_preset=\u00bbdefault\u00bb global_colors_info=\u00bb{}\u00bb][\/et_pb_icon][et_pb_text _builder_version=\u00bb4.27.0&#8243; _module_preset=\u00bbdefault\u00bb header_4_font=\u00bbPoppins|700|||||||\u00bb header_4_text_align=\u00bbcenter\u00bb global_colors_info=\u00bb{}\u00bb]<\/p>\n<h4>INFORMACI\u00d3N DE REDES DE CABLEADO<\/h4>\n<p>[\/et_pb_text][\/et_pb_column][et_pb_column type=\u00bb1_5&#8243; _builder_version=\u00bb4.27.0&#8243; _module_preset=\u00bbdefault\u00bb global_colors_info=\u00bb{}\u00bb][\/et_pb_column][et_pb_column type=\u00bb1_5&#8243; _builder_version=\u00bb4.27.0&#8243; _module_preset=\u00bbdefault\u00bb global_colors_info=\u00bb{}\u00bb][\/et_pb_column][et_pb_column type=\u00bb1_5&#8243; _builder_version=\u00bb4.27.0&#8243; _module_preset=\u00bbdefault\u00bb global_colors_info=\u00bb{}\u00bb][\/et_pb_column][\/et_pb_row][\/et_pb_section][et_pb_section fb_built=\u00bb1&#8243; _builder_version=\u00bb4.27.4&#8243; _module_preset=\u00bbdefault\u00bb background_color=\u00bb#edb10e\u00bb custom_padding=\u00bb20px||13px|||\u00bb global_colors_info=\u00bb{}\u00bb locked=\u00bboff\u00bb][et_pb_row _builder_version=\u00bb4.27.4&#8243; _module_preset=\u00bbdefault\u00bb global_colors_info=\u00bb{}\u00bb][et_pb_column type=\u00bb4_4&#8243; _builder_version=\u00bb4.27.4&#8243; _module_preset=\u00bbdefault\u00bb global_colors_info=\u00bb{}\u00bb][et_pb_cta title=\u00bbMEDALLERO COMPETENCIAS TECNOL\u00d3GICAS NACIONALES 2025&#8243; button_url=\u00bbhttps:\/\/www.intecap.edu.gt\/worldskillsguatemala\/Medallero-Tecno2025-Intecap.pdf\u00bb button_text=\u00bbDESCARGA AQU\u00cd\u00bb _builder_version=\u00bb4.27.4&#8243; _module_preset=\u00bbdefault\u00bb header_level=\u00bbh1&#8243; header_font=\u00bbPoppins||||||||\u00bb header_text_align=\u00bbcenter\u00bb header_font_size=\u00bb30px\u00bb background_enable_color=\u00bboff\u00bb custom_button=\u00bbon\u00bb button_text_size=\u00bb20px\u00bb button_text_color=\u00bb#FFFFFF\u00bb button_bg_color=\u00bb#1baed3&#8243; button_border_radius=\u00bb27px\u00bb button_font=\u00bbPoppins||||||||\u00bb button_icon=\u00bb&#x47;||divi||400&#8243; link_option_url=\u00bbhttps:\/\/www.intecap.edu.gt\/worldskillsguatemala\/Medallero-Tecno2025-Intecap.pdf\u00bb link_option_url_new_window=\u00bbon\u00bb global_colors_info=\u00bb{}\u00bb][\/et_pb_cta][\/et_pb_column][\/et_pb_row][\/et_pb_section][et_pb_section fb_built=\u00bb1&#8243; theme_builder_area=\u00bbpost_content\u00bb _builder_version=\u00bb4.27.4&#8243; _module_preset=\u00bbdefault\u00bb][et_pb_row _builder_version=\u00bb4.27.0&#8243; _module_preset=\u00bbdefault\u00bb global_colors_info=\u00bb{}\u00bb locked=\u00bboff\u00bb theme_builder_area=\u00bbpost_content\u00bb][et_pb_column type=\u00bb4_4&#8243; _builder_version=\u00bb4.27.0&#8243; _module_preset=\u00bbdefault\u00bb global_colors_info=\u00bb{}\u00bb theme_builder_area=\u00bbpost_content\u00bb][et_pb_text _builder_version=\u00bb4.27.4&#8243; _module_preset=\u00bbdefault\u00bb text_orientation=\u00bbcenter\u00bb global_colors_info=\u00bb{}\u00bb theme_builder_area=\u00bbpost_content\u00bb]<\/p>\n<h2><strong>Finaliza la etapa de Competencias Tecnol\u00f3gicas Regionales<\/strong><\/h2>\n<h5>Del 25 al 29 de agosto de 2025 vivimos el talento y la innovaci\u00f3n en las competencias regionales de World Skills. Ahora te invitamos a revivir los mejores momentos en esta galer\u00eda.\u00a0<\/h5>\n<p>[\/et_pb_text][et_pb_gallery gallery_ids=\u00bb5231,5232,5233,5234,5235,5236,5237,5238,5239,5240&#8243; posts_number=\u00bb25&#8243; show_title_and_caption=\u00bboff\u00bb zoom_icon_color=\u00bb#42afdd\u00bb hover_overlay_color=\u00bbrgba(78,196,211,0.39)\u00bb hover_icon=\u00bb&#x4c;||divi||400&#8243; _builder_version=\u00bb4.27.0&#8243; _module_preset=\u00bbdefault\u00bb custom_margin=\u00bb||||false|false\u00bb animation_style=\u00bbfade\u00bb global_colors_info=\u00bb{}\u00bb theme_builder_area=\u00bbpost_content\u00bb][\/et_pb_gallery][\/et_pb_column][\/et_pb_row][\/et_pb_section][et_pb_section fb_built=\u00bb1&#8243; disabled_on=\u00bbon|on|on\u00bb _builder_version=\u00bb4.21.0&#8243; _module_preset=\u00bbdefault\u00bb custom_padding=\u00bb3px||8px|||\u00bb disabled=\u00bbon\u00bb global_colors_info=\u00bb{}\u00bb][et_pb_row _builder_version=\u00bb4.21.0&#8243; _module_preset=\u00bbdefault\u00bb global_colors_info=\u00bb{}\u00bb][et_pb_column type=\u00bb4_4&#8243; _builder_version=\u00bb4.21.0&#8243; _module_preset=\u00bbdefault\u00bb global_colors_info=\u00bb{}\u00bb][et_pb_text _builder_version=\u00bb4.21.0&#8243; _module_preset=\u00bbdefault\u00bb text_font_size=\u00bb16px\u00bb text_line_height=\u00bb1em\u00bb header_font_size=\u00bb35px\u00bb header_2_text_align=\u00bbleft\u00bb header_2_font_size=\u00bb23px\u00bb header_3_text_align=\u00bbleft\u00bb header_3_font_size=\u00bb17px\u00bb global_colors_info=\u00bb{}\u00bb]<\/p>\n<h2 style=\"text-align: center;\"><strong>MATERIAS B\u00c1SICAS EN COMPETENCIA<br \/><\/strong><\/h2>\n<p>[\/et_pb_text][\/et_pb_column][\/et_pb_row][et_pb_row column_structure=\u00bb1_6,1_6,1_6,1_6,1_6,1_6&#8243; _builder_version=\u00bb4.21.0&#8243; _module_preset=\u00bbdefault\u00bb max_width=\u00bb1200px\u00bb global_colors_info=\u00bb{}\u00bb][et_pb_column type=\u00bb1_6&#8243; _builder_version=\u00bb4.21.0&#8243; _module_preset=\u00bbdefault\u00bb global_colors_info=\u00bb{}\u00bb][\/et_pb_column][et_pb_column type=\u00bb1_6&#8243; _builder_version=\u00bb4.21.0&#8243; _module_preset=\u00bbdefault\u00bb global_colors_info=\u00bb{}\u00bb][\/et_pb_column][et_pb_column type=\u00bb1_6&#8243; _builder_version=\u00bb4.21.0&#8243; _module_preset=\u00bbdefault\u00bb global_colors_info=\u00bb{}\u00bb][et_pb_image src=\u00bbhttps:\/\/intecap.edu.gt\/worldskillsguatemala\/wp-content\/uploads\/2023\/06\/comprension.png\u00bb title_text=\u00bbcomprension\u00bb _builder_version=\u00bb4.21.0&#8243; _module_preset=\u00bbdefault\u00bb global_colors_info=\u00bb{}\u00bb][\/et_pb_image][\/et_pb_column][et_pb_column type=\u00bb1_6&#8243; _builder_version=\u00bb4.21.0&#8243; _module_preset=\u00bbdefault\u00bb global_colors_info=\u00bb{}\u00bb][et_pb_image src=\u00bbhttps:\/\/intecap.edu.gt\/worldskillsguatemala\/wp-content\/uploads\/2023\/06\/matematicas.png\u00bb title_text=\u00bbmatematicas\u00bb _builder_version=\u00bb4.21.0&#8243; _module_preset=\u00bbdefault\u00bb global_colors_info=\u00bb{}\u00bb][\/et_pb_image][\/et_pb_column][et_pb_column type=\u00bb1_6&#8243; _builder_version=\u00bb4.21.0&#8243; _module_preset=\u00bbdefault\u00bb global_colors_info=\u00bb{}\u00bb][\/et_pb_column][et_pb_column type=\u00bb1_6&#8243; _builder_version=\u00bb4.21.0&#8243; _module_preset=\u00bbdefault\u00bb global_colors_info=\u00bb{}\u00bb][\/et_pb_column][\/et_pb_row][et_pb_row _builder_version=\u00bb4.21.0&#8243; _module_preset=\u00bbdefault\u00bb global_colors_info=\u00bb{}\u00bb][et_pb_column type=\u00bb4_4&#8243; _builder_version=\u00bb4.21.0&#8243; _module_preset=\u00bbdefault\u00bb global_colors_info=\u00bb{}\u00bb][et_pb_text _builder_version=\u00bb4.21.0&#8243; _module_preset=\u00bbdefault\u00bb text_font_size=\u00bb16px\u00bb text_line_height=\u00bb1em\u00bb header_font_size=\u00bb35px\u00bb header_2_text_align=\u00bbleft\u00bb header_2_font_size=\u00bb23px\u00bb header_3_text_align=\u00bbleft\u00bb header_3_font_size=\u00bb17px\u00bb global_colors_info=\u00bb{}\u00bb]<\/p>\n<h2 style=\"text-align: center;\"><strong>COMPETENCIAS DE TALENTO<br \/><\/strong><\/h2>\n<p>[\/et_pb_text][\/et_pb_column][\/et_pb_row][et_pb_row column_structure=\u00bb1_6,1_6,1_6,1_6,1_6,1_6&#8243; _builder_version=\u00bb4.21.0&#8243; _module_preset=\u00bbdefault\u00bb max_width=\u00bb1200px\u00bb global_colors_info=\u00bb{}\u00bb][et_pb_column type=\u00bb1_6&#8243; _builder_version=\u00bb4.21.0&#8243; _module_preset=\u00bbdefault\u00bb global_colors_info=\u00bb{}\u00bb][\/et_pb_column][et_pb_column type=\u00bb1_6&#8243; _builder_version=\u00bb4.21.0&#8243; _module_preset=\u00bbdefault\u00bb global_colors_info=\u00bb{}\u00bb][\/et_pb_column][et_pb_column type=\u00bb1_6&#8243; _builder_version=\u00bb4.21.0&#8243; _module_preset=\u00bbdefault\u00bb global_colors_info=\u00bb{}\u00bb][et_pb_image src=\u00bbhttps:\/\/intecap.edu.gt\/worldskillsguatemala\/wp-content\/uploads\/2023\/06\/declamacion.png\u00bb title_text=\u00bbdeclamacion\u00bb _builder_version=\u00bb4.21.0&#8243; _module_preset=\u00bbdefault\u00bb global_colors_info=\u00bb{}\u00bb][\/et_pb_image][\/et_pb_column][et_pb_column type=\u00bb1_6&#8243; _builder_version=\u00bb4.21.0&#8243; _module_preset=\u00bbdefault\u00bb global_colors_info=\u00bb{}\u00bb][et_pb_image src=\u00bbhttps:\/\/intecap.edu.gt\/worldskillsguatemala\/wp-content\/uploads\/2023\/06\/oratoria.png\u00bb title_text=\u00bboratoria\u00bb _builder_version=\u00bb4.21.0&#8243; _module_preset=\u00bbdefault\u00bb global_colors_info=\u00bb{}\u00bb][\/et_pb_image][\/et_pb_column][et_pb_column type=\u00bb1_6&#8243; _builder_version=\u00bb4.21.0&#8243; _module_preset=\u00bbdefault\u00bb global_colors_info=\u00bb{}\u00bb][\/et_pb_column][et_pb_column type=\u00bb1_6&#8243; _builder_version=\u00bb4.21.0&#8243; _module_preset=\u00bbdefault\u00bb global_colors_info=\u00bb{}\u00bb][\/et_pb_column][\/et_pb_row][et_pb_row _builder_version=\u00bb4.21.0&#8243; _module_preset=\u00bbdefault\u00bb global_colors_info=\u00bb{}\u00bb][et_pb_column type=\u00bb4_4&#8243; _builder_version=\u00bb4.21.0&#8243; _module_preset=\u00bbdefault\u00bb global_colors_info=\u00bb{}\u00bb][\/et_pb_column][\/et_pb_row][\/et_pb_section]<\/p>\n","protected":false},"excerpt":{"rendered":"<p>Competencias Tecnol\u00f3gicasNacionales27 competencias en ocupaciones t\u00e9cnicas2 competencias en ciencias2 competencias en habilidades de comunicaci\u00f3nOBJETIVO DE LAS COMPETENCIAS TECNOL\u00d3GICAS El objetivo de las Competencias Tecnol\u00f3gicas WorldSkills Guatemala es fomentar la excelencia en los procesos de formaci\u00f3n profesional y evaluar las\u00a0 habilidades t\u00e9cnicas y blandas adquiridas por nuestros participantes durante el proceso de\u00a0 formaci\u00f3n.\u00a0FORMATO Y DURACI\u00d3N DE [&hellip;]<\/p>\n","protected":false},"author":1,"featured_media":0,"parent":0,"menu_order":0,"comment_status":"closed","ping_status":"closed","template":"","meta":{"_et_pb_use_builder":"on","_et_pb_old_content":"","_et_gb_content_width":"","footnotes":""},"class_list":["post-5338","page","type-page","status-publish","hentry"],"_links":{"self":[{"href":"https:\/\/intecap.edu.gt\/worldskillsguatemala\/wp-json\/wp\/v2\/pages\/5338","targetHints":{"allow":["GET"]}}],"collection":[{"href":"https:\/\/intecap.edu.gt\/worldskillsguatemala\/wp-json\/wp\/v2\/pages"}],"about":[{"href":"https:\/\/intecap.edu.gt\/worldskillsguatemala\/wp-json\/wp\/v2\/types\/page"}],"author":[{"embeddable":true,"href":"https:\/\/intecap.edu.gt\/worldskillsguatemala\/wp-json\/wp\/v2\/users\/1"}],"replies":[{"embeddable":true,"href":"https:\/\/intecap.edu.gt\/worldskillsguatemala\/wp-json\/wp\/v2\/comments?post=5338"}],"version-history":[{"count":6,"href":"https:\/\/intecap.edu.gt\/worldskillsguatemala\/wp-json\/wp\/v2\/pages\/5338\/revisions"}],"predecessor-version":[{"id":5382,"href":"https:\/\/intecap.edu.gt\/worldskillsguatemala\/wp-json\/wp\/v2\/pages\/5338\/revisions\/5382"}],"wp:attachment":[{"href":"https:\/\/intecap.edu.gt\/worldskillsguatemala\/wp-json\/wp\/v2\/media?parent=5338"}],"curies":[{"name":"wp","href":"https:\/\/api.w.org\/{rel}","templated":true}]}}